{"id":6329,"date":"2019-01-15T07:47:14","date_gmt":"2019-01-15T07:47:14","guid":{"rendered":"https:\/\/impiantismaltaturamachineryceramicglazing.com\/?page_id=6329"},"modified":"2025-03-05T08:28:45","modified_gmt":"2025-03-05T08:28:45","slug":"privacy","status":"publish","type":"page","link":"https:\/\/www.tgmac.it\/index.php\/privacy\/","title":{"rendered":"Privacy Policy"},"content":{"rendered":"<div class=\"wpb-content-wrapper\"><p>[vc_section][vc_row equal_height=&#8221;yes&#8221; content_placement=&#8221;middle&#8221; delay=&#8221;true&#8221; effect=&#8221;fadeIn&#8221;][vc_column width=&#8221;3\/4&#8243;]<style type=\"text\/css\">#ut_custom_heading69f2cb83e9a2e { font-size:16px !important;line-height:30px !important; }#ut_custom_heading69f2cb83e9a2e { font-weight:600; }#ut_custom_heading69f2cb83e9a2e { text-align:left; }@media (min-width: 768px) and (max-width: 1024px) { #ut_custom_heading69f2cb83e9a2e { text-align:left; } }@media (max-width: 767px) { #ut_custom_heading69f2cb83e9a2e { text-align:center; } }<\/style><div id=\"ut_custom_heading69f2cb83e9a2e\" data-responsive-font=\"div\" data-responsive-font-settings=\"{&quot;base-font-size&quot;:&quot;16&quot;,&quot;font-size-unit&quot;:&quot;px&quot;,&quot;font-size&quot;:{&quot;desktop_large&quot;:&quot;16&quot;},&quot;base-line-height&quot;:&quot;global&quot;,&quot;line-height&quot;:{&quot;desktop_large&quot;:&quot;30&quot;},&quot;base-letter-spacing&quot;:&quot;global&quot;}\" class=\"ut-custom-heading-module   vc_custom_1727095450358\" ><span class=\"\" >23\/09\/2024<\/span><\/div><div class=\"wpb_content_element \"><style type=\"text\/css\">#ut_header_69f2cb83ef210 h1.section-title { font-size:80px !important;line-height:90px !important;letter-spacing:-0.04em; }<\/style><header id=\"ut_header_69f2cb83ef210\" class=\"section-header  ut-no-title-linebreak-mobile ut-no-lead-linebreak-mobile pt-style-7 header-left header-tablet-left header-mobile-center element-with-custom-line-height\"><div class=\"element-with-custom-line-height\" ><h1 data-title=\"PRIVACY E COOKIE POLICY\"  data-responsive-font=\"section_title\" data-responsive-font-settings=\"{&quot;base-font-size&quot;:&quot;80&quot;,&quot;font-size-unit&quot;:&quot;px&quot;,&quot;font-size&quot;:{&quot;desktop_large&quot;:&quot;80&quot;},&quot;base-line-height&quot;:&quot;90&quot;,&quot;line-height-unit&quot;:&quot;px&quot;,&quot;line-height&quot;:{&quot;desktop_large&quot;:&quot;90&quot;},&quot;base-letter-spacing&quot;:&quot;global&quot;,&quot;letter-spacing&quot;:{&quot;desktop_large&quot;:&quot;-0.04&quot;}}\" class=\"section-title  \"><span>PRIVACY E COOKIE POLICY<\/span><\/h1><\/div><div data-delay=\"0\" class=\"lead \"><p>In questa pagina si descrivono le modalit\u00e0 di gestione del sito in riferimento al trattamento dei dati personali degli utenti che lo consultano.<\/p>\n<\/div><\/header><\/div><style type=\"text\/css\">#ut_custom_heading69f2cb83efbc6 { font-size:16px !important;line-height:30px !important; }#ut_custom_heading69f2cb83efbc6 { font-weight:600; }#ut_custom_heading69f2cb83efbc6 { text-align:left; }@media (min-width: 768px) and (max-width: 1024px) { #ut_custom_heading69f2cb83efbc6 { text-align:left; } }@media (max-width: 767px) { #ut_custom_heading69f2cb83efbc6 { text-align:center; } }<\/style><p id=\"ut_custom_heading69f2cb83efbc6\" data-responsive-font=\"p\" data-responsive-font-settings=\"{&quot;base-font-size&quot;:&quot;16&quot;,&quot;font-size-unit&quot;:&quot;px&quot;,&quot;font-size&quot;:{&quot;desktop_large&quot;:&quot;16&quot;},&quot;base-line-height&quot;:&quot;global&quot;,&quot;line-height&quot;:{&quot;desktop_large&quot;:&quot;30&quot;},&quot;base-letter-spacing&quot;:&quot;global&quot;}\" class=\"ut-custom-heading-module   vc_custom_1725292876398\" ><span class=\"\" >Ai sensi del Regolamento (UE) 2016\/679 (di seguito \u201cRegolamento\u201d), questa pagina descrive le modalit\u00e0 di trattamento dei dati personali degli utenti che consultano il\/i sito\/i web accessibili per via telematica al\/ai seguente\/i indirizzo\/i corrispondente alla pagina iniziale del sito di cui questa pagina fa parte.<\/p>\n<p>L\u2019informativa \u00e8 resa solo per il sito sopra citato e non anche per altri siti web eventualmente consultati dall\u2019utente tramite link. L\u2019informativa si ispira anche alla Raccomandazione n. 2\/2001 che le autorit\u00e0 europee per la protezione dei dati personali, riunite nel Gruppo istituito dall\u2019art. 29 della direttiva n. 95\/46\/CE, hanno adottato il 17 maggio 2001 per individuare alcuni requisiti minimi per la raccolta di dati personali on-line, e, in particolare, le modalit\u00e0, i tempi e la natura delle informazioni che i titolari del trattamento devono fornire agli utenti quando questi si collegano a pagine web, indipendentemente dagli scopi del collegamento.<\/p>\n<p>La Raccomandazione e una descrizione di sintesi delle sue finalit\u00e0 non sono riportate in questo sito ma sono rintracciabili sul web tramite il sito del Garante della Privacy. <a href=\"https:\/\/www.garanteprivacy.it\/\">https:\/\/www.garanteprivacy.it\/<\/a><\/span><\/p>[vc_row_inner][vc_column_inner]<style type=\"text\/css\">#ut_custom_heading69f2cb83efc46 { font-size:20px !important;line-height:30px !important; }#ut_custom_heading69f2cb83efc46 { text-align:left; }@media (min-width: 768px) and (max-width: 1024px) { #ut_custom_heading69f2cb83efc46 { text-align:left; } }@media (max-width: 767px) { #ut_custom_heading69f2cb83efc46 { text-align:left; } }<\/style><h3 id=\"ut_custom_heading69f2cb83efc46\" data-responsive-font=\"h3\" data-responsive-font-settings=\"{&quot;base-font-size&quot;:&quot;global&quot;,&quot;font-size&quot;:{&quot;desktop_large&quot;:&quot;20&quot;},&quot;base-line-height&quot;:&quot;global&quot;,&quot;line-height&quot;:{&quot;desktop_large&quot;:&quot;30&quot;},&quot;base-letter-spacing&quot;:&quot;global&quot;}\" class=\"ut-custom-heading-module   vc_custom_1725347297318\" ><span class=\"\" >1. IL \u201cTITOLARE\u201d DEL TRATTAMENTO<\/span><\/h3>[vc_column_text css=&#8221;&#8221;]<strong>1.1 <\/strong>A seguito della consultazione di questo sito possono essere trattati dati relativi a persone identificate o identificabili.<\/p>\n<p>Il \u201ctitolare\u201d del loro trattamento \u00e8 <strong>TG MAC srl<\/strong> per la protezione dei dati personali, che ha sede in <strong>Via San Giacinto 2\/4 41042 Fiorano Modenese (MO), Italia<\/strong>[\/vc_column_text][\/vc_column_inner][\/vc_row_inner][\/vc_column][\/vc_row][vc_row delay=&#8221;true&#8221; effect=&#8221;fadeIn&#8221;][vc_column]<style type=\"text\/css\">#ut_custom_heading69f2cb83efca5 { font-size:20px !important;line-height:30px !important; }#ut_custom_heading69f2cb83efca5 { text-align:left; }@media (min-width: 768px) and (max-width: 1024px) { #ut_custom_heading69f2cb83efca5 { text-align:left; } }@media (max-width: 767px) { #ut_custom_heading69f2cb83efca5 { text-align:left; } }<\/style><h3 id=\"ut_custom_heading69f2cb83efca5\" data-responsive-font=\"h3\" data-responsive-font-settings=\"{&quot;base-font-size&quot;:&quot;global&quot;,&quot;font-size&quot;:{&quot;desktop_large&quot;:&quot;20&quot;},&quot;base-line-height&quot;:&quot;global&quot;,&quot;line-height&quot;:{&quot;desktop_large&quot;:&quot;30&quot;},&quot;base-letter-spacing&quot;:&quot;global&quot;}\" class=\"ut-custom-heading-module   vc_custom_1725348143938\" ><span class=\"\" >2. LUOGO DI TRATTAMENTO DEI DATI<\/span><\/h3>[vc_column_text css=&#8221;&#8221;]<strong>2.1 <\/strong>I trattamenti connessi ai servizi web di questo sito hanno luogo presso la predetta sede e sono curati solo da personale tecnico incaricato del trattamento, oppure da eventuali incaricati di occasionali operazioni di manutenzione.<\/p>\n<p>I dati comunicati potranno essere comunicati o diffusi a terzi (Corrieri, Spedizionieri, Ente Poste) per esigenze connesse all\u2019invio di materiale informativo o per gestire le richieste di informazioni e inviare il materiale commerciale o promozionale richiesti e le relative informazioni di dettaglio.<\/p>\n<p>I dati personali forniti dagli utenti che inoltrano richieste di invio di materiale informativo (richieste di contatto generico, richieste di preventivi, richiesta di iscrizione a newsletter, risposte a quesiti, richieste specifiche, richieste relativamente a prodotti o servizi, ecc\u2026) sono utilizzati al solo fine di eseguire il servizio o la prestazione richiesta e sono comunicati a terzi nel solo caso in cui ci\u00f2 sia a tal fine necessario.<\/p>\n<p>I dati forniti sono raccolti e trattati da <strong>TG MAC srl<\/strong> in armonia con le proprie finalit\u00e0 connesse e strumentali all\u2019attivit\u00e0 Aziendale come descritte nelle pagine di presentazione del presente sito.<\/p>\n<p>I trattamenti connessi ai servizi web di questo sito hanno luogo presso la predetta sede e sono curati solo da personale tecnico dell\u2019Ufficio incaricato del trattamento. In caso di necessit\u00e0, i dati necessari al funzionamento del sito possono essere trattati dal personale della societ\u00e0 che cura la manutenzione della parte tecnologica del sito, Video Studio 1 s.n.c., presso la sede della societ\u00e0 medesima.<\/p>\n<p>I servizi web sono erogati da Video Studio 1 s.n.c. tramite server ubicati nella comunit\u00e0 Europea e in particolare su suolo Italiano, conformi alle direttive e norme attualmente vigenti in materia di protezione e trattamento dei dati personali.[\/vc_column_text][\/vc_column][\/vc_row][vc_row delay=&#8221;true&#8221; effect=&#8221;fadeIn&#8221;][vc_column]<style type=\"text\/css\">#ut_custom_heading69f2cb83efcfa { font-size:20px !important;line-height:30px !important; }#ut_custom_heading69f2cb83efcfa { text-align:left; }@media (min-width: 768px) and (max-width: 1024px) { #ut_custom_heading69f2cb83efcfa { text-align:left; } }@media (max-width: 767px) { #ut_custom_heading69f2cb83efcfa { text-align:left; } }<\/style><h3 id=\"ut_custom_heading69f2cb83efcfa\" data-responsive-font=\"h3\" data-responsive-font-settings=\"{&quot;base-font-size&quot;:&quot;global&quot;,&quot;font-size&quot;:{&quot;desktop_large&quot;:&quot;20&quot;},&quot;base-line-height&quot;:&quot;global&quot;,&quot;line-height&quot;:{&quot;desktop_large&quot;:&quot;30&quot;},&quot;base-letter-spacing&quot;:&quot;global&quot;}\" class=\"ut-custom-heading-module   vc_custom_1725348622979\" ><span class=\"\" >3. TIPI DI DATI TRATTATI<\/span><\/h3><div class=\"wpb_content_element \"><style class=\"bklyn-inline-styles\" type=\"text\/css\">#ut_fl_69f2cb83f0643493249835.bklyn-fancy-list { font-size: 14px !important; }#ut_fl_69f2cb83f0643493249835.bklyn-fancy-list { line-height: 22px !important; }#ut_fl_69f2cb83f0643493249835 .bklyn-list li:not(:last-child) { margin-bottom: 20px; }#ut_fl_69f2cb83f0643493249835 li span { color: rgba(0, 0, 0, 1); }#ut_fl_69f2cb83f0643493249835 a { color: rgba(0, 0, 0, 1); }#ut_fl_69f2cb83f0643493249835 a:visited { color: rgba(0, 0, 0, 1); }#ut_fl_69f2cb83f0643493249835 ul { list-style-type: square; }<\/style><div id=\"ut_fl_69f2cb83f0643493249835\" class=\"bklyn-fancy-list  bklyn-fancy-list-left bklyn-fancy-list-tablet-left bklyn-fancy-list-mobile-center\"><ul class=\"bklyn-list \" data-appear-top-offset=\"almost\"><li class=\"bklyn-list-item-space-medium\"><span><span><b>3.1 Dati di navigazione<\/b> I sistemi informatici e le procedure software preposte al funzionamento di questo sito web acquisiscono, nel corso del loro normale esercizio, alcuni dati personali la cui trasmissione \u00e8 implicita nell\u2019uso dei protocolli di comunicazione di Internet. Si tratta di informazioni che non sono raccolte per essere associate a interessati identificati, ma che per loro stessa natura potrebbero, attraverso elaborazioni ed associazioni con dati detenuti da terzi, permettere di identificare gli utenti. <br><br>In questa categoria di dati rientrano gli indirizzi IP o i nomi a dominio dei computer utilizzati dagli utenti che si connettono al sito, gli indirizzi in notazione URI (Uniform Resource Identifier) delle risorse richieste, l\u2019orario della richiesta, il metodo utilizzato nel sottoporre la richiesta al server, la dimensione del file ottenuto in risposta, il codice numerico indicante lo stato della risposta data dal server (buon fine, errore, ecc.) ed altri parametri relativi al sistema operativo e all\u2019ambiente informatico dell\u2019utente. <br><br>Questi dati vengono utilizzati al solo fine di ricavare informazioni statistiche anonime sull\u2019uso del sito e per controllarne il corretto funzionamento e vengono cancellati immediatamente dopo l\u2019elaborazione. <br><br>I dati potrebbero essere utilizzati per l\u2019accertamento di responsabilit\u00e0 in caso di ipotetici reati informatici ai danni del sito: salva questa eventualit\u00e0, allo stato i dati sui contatti web non persistono per pi\u00f9 di sessanta giorni.<\/span><\/a><\/span><\/li><li class=\"bklyn-list-item-space-medium\"><span><span><b>3.2 Dati forniti volontariamente dall\u2019utente<\/b> L\u2019invio facoltativo, esplicito e volontario di posta elettronica agli indirizzi indicati su questo sito comporta la successiva acquisizione dell\u2019indirizzo del mittente, necessario per rispondere alle richieste, nonch\u00e9 degli eventuali altri dati personali inseriti nella missiva.<\/span><\/a><\/span><\/li><\/ul><\/div><\/div>[\/vc_column][\/vc_row][vc_row delay=&#8221;true&#8221; effect=&#8221;fadeIn&#8221; bklyn_section_anchor_id=&#8221;Cookie-Policy&#8221;][vc_column]<style type=\"text\/css\">#ut_custom_heading69f2cb83f09c5 { font-size:20px !important;line-height:30px !important; }#ut_custom_heading69f2cb83f09c5 { text-align:left; }@media (min-width: 768px) and (max-width: 1024px) { #ut_custom_heading69f2cb83f09c5 { text-align:left; } }@media (max-width: 767px) { #ut_custom_heading69f2cb83f09c5 { text-align:left; } }<\/style><h3 id=\"ut_custom_heading69f2cb83f09c5\" data-responsive-font=\"h3\" data-responsive-font-settings=\"{&quot;base-font-size&quot;:&quot;global&quot;,&quot;font-size&quot;:{&quot;desktop_large&quot;:&quot;20&quot;},&quot;base-line-height&quot;:&quot;global&quot;,&quot;line-height&quot;:{&quot;desktop_large&quot;:&quot;30&quot;},&quot;base-letter-spacing&quot;:&quot;global&quot;}\" class=\"ut-custom-heading-module   vc_custom_1725524277005\" ><span class=\"\" >4. COOKIES<\/span><\/h3>[vc_column_text css=&#8221;&#8221;]<strong>4.1 Definizione di Cookie: <\/strong>I cookie sono piccoli files di dati compsti da lettere e cifre che permettono al server web di memorizzare sul client (il browser) informazioni da utilizzare nel corso della navigazione sul sito (cookie di sessione) o in seguito, anche a distanza di tempo (cookie persistenti). I cookie vengono memorizzati dal singolo browser sullo specifico dispositivo utilizzato per la navigazione (computer, tablet, smartphone) in base alle impostazioni del browser utilizzato. Esistono tecnologie similari (GIF controllabili, web beacon, e forme di storage locale di HTML5, ecc\u2026) possono essere utilizzati per raccogliere informazioni sul comportamento dell\u2019utente e sull\u2019utilizzo dei servizi.[\/vc_column_text][vc_column_text css=&#8221;&#8221;]<strong>4.2 Tipologie Cookie:<\/strong> (le seguenti definizioni contengono citazione dal sito del Garante della Privacy)<strong>\u00a0<\/strong>[\/vc_column_text]<div class=\"wpb_content_element \"><style class=\"bklyn-inline-styles\" type=\"text\/css\">#ut_fl_69f2cb83f1396481787707.bklyn-fancy-list { font-size: 14px !important; }#ut_fl_69f2cb83f1396481787707.bklyn-fancy-list { line-height: 22px !important; }#ut_fl_69f2cb83f1396481787707 .bklyn-list li:not(:last-child) { margin-bottom: 20px; }#ut_fl_69f2cb83f1396481787707 li span { color: rgba(0, 0, 0, 1); }#ut_fl_69f2cb83f1396481787707 a { color: rgba(0, 0, 0, 1); }#ut_fl_69f2cb83f1396481787707 a:visited { color: rgba(0, 0, 0, 1); }#ut_fl_69f2cb83f1396481787707 ul { list-style-type: square; }<\/style><div id=\"ut_fl_69f2cb83f1396481787707\" class=\"bklyn-fancy-list  bklyn-fancy-list-left bklyn-fancy-list-tablet-left bklyn-fancy-list-mobile-center\"><ul class=\"bklyn-list \" data-appear-top-offset=\"almost\"><li class=\"bklyn-list-item-space-medium\"><span><span><b>4.2.1 Cookie tecnici<\/b> I cookie tecnici sono quelli utilizzati al solo fine di \u201ceffettuare la trasmissione di una comunicazione su una rete di comunicazione elettronica, o nella misura strettamente necessaria al fornitore di un servizio della societ\u00e0 dell\u2019informazione esplicitamente richiesto dall\u2019abbonato o dall\u2019utente a erogare tale servizio\u201d. <br><br>Essi non vengono utilizzati per scopi ulteriori e sono normalmente installati direttamente dal titolare o gestore del sito web. Possono essere suddivisi in cookie di navigazione o di sessione, che garantiscono la normale navigazione e fruizione del sito web (permettendo, ad esempio, di realizzare un acquisto o autenticarsi per accedere ad aree riservate); cookie analytics, assimilati ai cookie tecnici laddove utilizzati direttamente dal gestore del sito per raccogliere informazioni, in forma aggregata, sul numero degli utenti e su come questi visitano il sito stesso; cookie di funzionalit\u00e0, che permettono all\u2019utente la navigazione in funzione di una serie di criteri selezionati (ad esempio, la lingua, i prodotti selezionati per l\u2019acquisto) al fine di migliorare il servizio reso allo stesso. <br><br>Per l\u2019installazione di tali cookie non \u00e8 richiesto il preventivo consenso degli utenti.<\/span><br \/><span><br><br><\/span><\/a><\/span><\/li><li class=\"bklyn-list-item-space-medium\"><span><span><b>4.2.2 Cookie di profilazione<\/b> I cookie di profilazione sono volti a creare profili relativi all\u2019utente e vengono utilizzati al fine di inviare messaggi pubblicitari in linea con le preferenze manifestate dallo stesso nell\u2019ambito della navigazione in rete. <br><br>In ragione della particolare invasivit\u00e0 che tali dispositivi possono avere nell\u2019ambito della sfera privata degli utenti, la normativa europea e italiana prevede che l\u2019utente debba essere adeguatamente informato sull\u2019uso degli stessi ed esprimere cos\u00ec il proprio valido consenso.<\/span><\/a><\/span><\/li><li class=\"bklyn-list-item-space-medium\"><span><span><b>4.2.3 Cookie di terze parti<\/b> I cookie detti \u201cdi terze parti\u201d sono utilizzati nella navigazione del sito per la profilazione degli utenti ma sono stati installati da altri siti navigati in precedenza anche da diverso tempo. <br><br>Essi vengono utilizzati per personalizzare la navigazione, per proporre messaggi pubblicitari in linea con le preferenze manifestate nelle precedenti navigazioni in rete, per compilare statistiche di marketing relativamente ai gusti e alle preferenze degli utenti del sito.<\/span><\/a><\/span><\/li><\/ul><\/div><\/div>[vc_column_text css=&#8221;&#8221;]<strong>4.3 Come gestire\/abilitare\/disabilitare i Cookie: <\/strong>La gestione dei Cookie \u00e8 interamente affidata ai browser; essi possono essere gestiti nei relativi pannelli di controllo che cambiano in base alla versione, l\u2019aggiornamento, la traduzione del browser stesso.<\/p>\n<p>Di seguito riportiamo alcuni link dei principali browser attualmente in uso utili per gestire le impostazioni del browser nei confronti dei Cookie:<\/p>\n<ul>\n<li>Chrome: <a href=\"https:\/\/support.google.com\/chrome\/answer\/95647?hl=it\">https:\/\/support.google.com\/chrome\/answer\/95647?hl=it<\/a><\/li>\n<li>Firefox: <a href=\"https:\/\/support.mozilla.org\/it\/kb\/Gestione%20dei%20cookie\">https:\/\/support.mozilla.org\/it\/kb\/Gestione%20dei%20cookie<\/a><\/li>\n<li>Internet Explorer: <a href=\"http:\/\/windows.microsoft.com\/it-it\/internet-explorer\/ie10-win8-privacy-statement\">http:\/\/windows.microsoft.com\/it-it\/internet-explorer\/ie10-win8-privacy-statement<\/a><\/li>\n<li>Opera: <a href=\"http:\/\/help.opera.com\/Windows\/10.00\/it\/cookies.html\">http:\/\/help.opera.com\/Windows\/10.00\/it\/cookies.html<\/a><\/li>\n<li>Safari: <a href=\"http:\/\/support.apple.com\/kb\/HT1677?viewlocale=it_IT\">http:\/\/support.apple.com\/kb\/HT1677?viewlocale=it_IT<\/a><\/li>\n<\/ul>\n<p><strong>4.4 Quali Cookie utilizza questo sito:<\/strong><\/p>\n<ul>\n<li>Questo sito NON utilizza alcun cookie di profilazione<\/li>\n<li>Questo sito NON utilizza alcun cookie di terze parti.<\/li>\n<li>Questo sito usa esclusivamente cookie tecnici di sessione, cookie di funzionalit\u00e0.<\/li>\n<\/ul>\n<p>[\/vc_column_text][\/vc_column][\/vc_row][vc_row delay=&#8221;true&#8221; effect=&#8221;fadeIn&#8221;][vc_column]<style type=\"text\/css\">#ut_custom_heading69f2cb83f1714 { font-size:20px !important;line-height:30px !important; }#ut_custom_heading69f2cb83f1714 { text-align:left; }@media (min-width: 768px) and (max-width: 1024px) { #ut_custom_heading69f2cb83f1714 { text-align:left; } }@media (max-width: 767px) { #ut_custom_heading69f2cb83f1714 { text-align:left; } }<\/style><h3 id=\"ut_custom_heading69f2cb83f1714\" data-responsive-font=\"h3\" data-responsive-font-settings=\"{&quot;base-font-size&quot;:&quot;global&quot;,&quot;font-size&quot;:{&quot;desktop_large&quot;:&quot;20&quot;},&quot;base-line-height&quot;:&quot;global&quot;,&quot;line-height&quot;:{&quot;desktop_large&quot;:&quot;30&quot;},&quot;base-letter-spacing&quot;:&quot;global&quot;}\" class=\"ut-custom-heading-module   vc_custom_1725541143718\" ><span class=\"\" >5. FACOLTATIVITA\u2019 DEL CONFERIMENTO DEI DATI<\/span><\/h3>[vc_column_text css=&#8221;&#8221;]<strong>5.1<\/strong> A parte quanto specificato per i dati di navigazione, l\u2019utente \u00e8 libero di fornire i dati personali riportati nei moduli di richiesta a <strong>TG MAC srl<\/strong> o comunque indicati in contatti con gli uffici per sollecitare l\u2019invio di materiale informativo o altre comunicazioni.<\/p>\n<p>Il loro mancato conferimento pu\u00f2 comportare l\u2019impossibilit\u00e0 di ottenere quanto richiesto.<\/p>\n<p><strong>5.2<\/strong>\u00a0Per completezza va ricordato che in alcuni casi (non oggetto dell\u2019ordinaria gestione di questo sito) l\u2019Autorit\u00e0 pu\u00f2 richiedere notizie e informazioni ai sensi dell\u2019art 157 del d.lgs. n. 196\/2003, ai fini del controllo sul trattamento dei dati personali. In questi casi la risposta \u00e8 obbligatoria.[\/vc_column_text][\/vc_column][\/vc_row][vc_row delay=&#8221;true&#8221; effect=&#8221;fadeIn&#8221;][vc_column]<style type=\"text\/css\">#ut_custom_heading69f2cb83f179c { font-size:20px !important;line-height:30px !important; }#ut_custom_heading69f2cb83f179c { text-align:left; }@media (min-width: 768px) and (max-width: 1024px) { #ut_custom_heading69f2cb83f179c { text-align:left; } }@media (max-width: 767px) { #ut_custom_heading69f2cb83f179c { text-align:left; } }<\/style><h3 id=\"ut_custom_heading69f2cb83f179c\" data-responsive-font=\"h3\" data-responsive-font-settings=\"{&quot;base-font-size&quot;:&quot;global&quot;,&quot;font-size&quot;:{&quot;desktop_large&quot;:&quot;20&quot;},&quot;base-line-height&quot;:&quot;global&quot;,&quot;line-height&quot;:{&quot;desktop_large&quot;:&quot;30&quot;},&quot;base-letter-spacing&quot;:&quot;global&quot;}\" class=\"ut-custom-heading-module   vc_custom_1725542803751\" ><span class=\"\" >6. MODALITA\u2019 DEL TRATTAMENTO<\/span><\/h3>[vc_column_text css=&#8221;&#8221;]<strong>6.1<\/strong> I dati personali sono trattati sia in forma cartacea che elettronica e consiste nella conservazione, archiviazione, utilizzo, comunicazione e diffusione \u2013 come specificato nel capitolo <strong>\u201cLUOGO DI TRATTAMENTO DEI DATI\u201d<\/strong> del presente documento \u2013 dei dati comunicati.<\/p>\n<p><strong>6.2<\/strong> Specifiche misure di sicurezza sono osservate per prevenire la perdita dei dati, usi illeciti o non corretti ed accessi non autorizzati.[\/vc_column_text][\/vc_column][\/vc_row][vc_row delay=&#8221;true&#8221; effect=&#8221;fadeIn&#8221;][vc_column]<style type=\"text\/css\">#ut_custom_heading69f2cb83f17f6 { font-size:20px !important;line-height:30px !important; }#ut_custom_heading69f2cb83f17f6 { text-align:left; }@media (min-width: 768px) and (max-width: 1024px) { #ut_custom_heading69f2cb83f17f6 { text-align:left; } }@media (max-width: 767px) { #ut_custom_heading69f2cb83f17f6 { text-align:left; } }<\/style><h3 id=\"ut_custom_heading69f2cb83f17f6\" data-responsive-font=\"h3\" data-responsive-font-settings=\"{&quot;base-font-size&quot;:&quot;global&quot;,&quot;font-size&quot;:{&quot;desktop_large&quot;:&quot;20&quot;},&quot;base-line-height&quot;:&quot;global&quot;,&quot;line-height&quot;:{&quot;desktop_large&quot;:&quot;30&quot;},&quot;base-letter-spacing&quot;:&quot;global&quot;}\" class=\"ut-custom-heading-module   vc_custom_1725544193301\" ><span class=\"\" >7. DIRITTI DEGLI INTERESSATI<\/span><\/h3>[vc_column_text css=&#8221;&#8221;]<strong>7.1 <\/strong>I soggetti cui si riferiscono i dati personali hanno il diritto in qualunque momento di ottenere la conferma dell\u2019esistenza o meno dei medesimi dati e di conoscerne il contenuto e l\u2019origine, verificarne l\u2019esattezza o chiederne l\u2019integrazione o l\u2019aggiornamento, la rettifica o la cancellazione degli stessi o la limitazione del trattamento che li riguarda o di opporsi al trattamento (artt. 15 e ss. del Regolamento).<\/p>\n<p>Ai sensi del medesimo articolo si ha il diritto di chiedere la cancellazione, la trasformazione in forma anonima o il blocco dei dati trattati in violazione di legge, nonch\u00e9 di opporsi in ogni caso, per motivi legittimi, al loro trattamento.<\/p>\n<p>Si ricorda che la cancellazione del nominativo dall\u2019archivio dati <strong>TG MAC srl<\/strong> comporta la rinuncia a tutti i servizi offerti dall\u2019Azienda. Le richieste vanno rivolte a <strong>TG MAC srl<\/strong> tramite:<\/p>\n<ul>\n<li>i form di contatto presenti sul sito<\/li>\n<li>l\u2019indirizzo <a href=\"mailto:info@tgmac.it\">info@tgmac.it<\/a><\/li>\n<li>i recapiti Tel. <a title=\"\" href=\"tel:+39%200536%20805596\" target=\"_self\" rel=\"noopener\">+39 0536 805596<\/a> Fax. +39 0536 804891<\/li>\n<\/ul>\n<p><strong>7.2<\/strong> Gli interessati che ritengono che il trattamento dei dati personali a loro riferiti effettuato attraverso questo sito avvenga in violazione di quanto previsto dal Regolamento hanno il diritto di proporre reclamo al Garante, come previsto dall\u2019art. 77 del Regolamento stesso, o di adire le opportune sedi giudiziarie (art. 79 del Regolamento).[\/vc_column_text][\/vc_column][\/vc_row][vc_row delay=&#8221;true&#8221; effect=&#8221;fadeIn&#8221;][vc_column]<style type=\"text\/css\">#ut_custom_heading69f2cb83f184b { font-size:20px !important;line-height:30px !important; }#ut_custom_heading69f2cb83f184b { text-align:left; }@media (min-width: 768px) and (max-width: 1024px) { #ut_custom_heading69f2cb83f184b { text-align:left; } }@media (max-width: 767px) { #ut_custom_heading69f2cb83f184b { text-align:left; } }<\/style><h3 id=\"ut_custom_heading69f2cb83f184b\" data-responsive-font=\"h3\" data-responsive-font-settings=\"{&quot;base-font-size&quot;:&quot;global&quot;,&quot;font-size&quot;:{&quot;desktop_large&quot;:&quot;20&quot;},&quot;base-line-height&quot;:&quot;global&quot;,&quot;line-height&quot;:{&quot;desktop_large&quot;:&quot;30&quot;},&quot;base-letter-spacing&quot;:&quot;global&quot;}\" class=\"ut-custom-heading-module   vc_custom_1725545218388\" ><span class=\"\" >8. ACCESSO AL PRESENTE DOCUMENTO<\/span><\/h3>[vc_column_text css=&#8221;&#8221;]<strong>8.1 <\/strong>La presente informativa sulla privacy e informativa estesa cookie \u00e8 consultabile in forma automatica dai pi\u00f9 recenti browser attualmente diffusi per i diversi sistemi operativi.<\/p>\n<p>Considerando che lo stato di perfezionamento dei meccanismi automatici di controllo non li rende attualmente esenti da errori e disfunzioni, si precisa che il presente documento costituisce la \u201cPrivacy Policy e Informativa Cookie\u201d di questo sito che sar\u00e0 soggetta ad aggiornamenti.[\/vc_column_text][\/vc_column][\/vc_row][vc_row delay=&#8221;true&#8221; effect=&#8221;fadeIn&#8221;][vc_column]<style type=\"text\/css\">#ut_custom_heading69f2cb83f18b7 { font-size:20px !important;line-height:30px !important; }#ut_custom_heading69f2cb83f18b7 { text-align:left; }@media (min-width: 768px) and (max-width: 1024px) { #ut_custom_heading69f2cb83f18b7 { text-align:left; } }@media (max-width: 767px) { #ut_custom_heading69f2cb83f18b7 { text-align:left; } }<\/style><h3 id=\"ut_custom_heading69f2cb83f18b7\" data-responsive-font=\"h3\" data-responsive-font-settings=\"{&quot;base-font-size&quot;:&quot;global&quot;,&quot;font-size&quot;:{&quot;desktop_large&quot;:&quot;20&quot;},&quot;base-line-height&quot;:&quot;global&quot;,&quot;line-height&quot;:{&quot;desktop_large&quot;:&quot;30&quot;},&quot;base-letter-spacing&quot;:&quot;global&quot;}\" class=\"ut-custom-heading-module   vc_custom_1725545789281\" ><span class=\"\" >9. INFORMATIVA CLIENTI AI SENSI DEGLI ARTT. 13 E 14 DEL REGOLAMENTO UE N. 679\/2016 (GDPR)<\/span><\/h3>[vc_column_text css=&#8221;&#8221;]<strong>9.1 <\/strong>La Societ\u00e0 <strong>TG MAC srl<\/strong> con sede in <strong>Via San Giacinto 2\/4 41042 Fiorano Modenese (MO), Italia<\/strong> Cod. Fisc.-Part. IVA <strong>01295850364<\/strong>\u00a0in qualit\u00e0 di Titolare del trattamento dei dati personali ai sensi dell\u2019art. 4 del Regolamento UE 2016\/679 la informa, ai sensi dell\u2019art. 13 del Regolamento, che tratter\u00e01 i suoi dati personali in via manuale e\/o con il supporto di mezzi informatici per le finalit\u00e0 di seguito indicate.[\/vc_column_text][\/vc_column][\/vc_row][vc_row delay=&#8221;true&#8221; effect=&#8221;fadeIn&#8221;][vc_column]<style type=\"text\/css\">#ut_custom_heading69f2cb83f1930 { font-size:20px !important;line-height:30px !important; }#ut_custom_heading69f2cb83f1930 { text-align:left; }@media (min-width: 768px) and (max-width: 1024px) { #ut_custom_heading69f2cb83f1930 { text-align:left; } }@media (max-width: 767px) { #ut_custom_heading69f2cb83f1930 { text-align:left; } }#ut_custom_heading69f2cb83f1930 { text-transform:uppercase; }<\/style><h3 id=\"ut_custom_heading69f2cb83f1930\" data-responsive-font=\"h3\" data-responsive-font-settings=\"{&quot;base-font-size&quot;:&quot;global&quot;,&quot;font-size&quot;:{&quot;desktop_large&quot;:&quot;20&quot;},&quot;base-line-height&quot;:&quot;global&quot;,&quot;line-height&quot;:{&quot;desktop_large&quot;:&quot;30&quot;},&quot;base-letter-spacing&quot;:&quot;global&quot;}\" class=\"ut-custom-heading-module   vc_custom_1725546085778\" ><span class=\"\" >10. Tipologia dei dati trattati<\/span><\/h3>[vc_column_text css=&#8221;&#8221;]<strong>10.1 <\/strong>Per effetto della costituzione del contratto (anche orale) e nel corso dell\u2019esecuzione dello stesso la nostra organizzazione si trover\u00e0 a raccogliere e trattare i Suoi dati personali.<\/p>\n<p>I dati che saranno trattati sono i dati c.d. comuni quali a titolo meramente esemplificativo: dati anagrafici; indirizzo di residenza, numero di telefono, indirizzo e-mail, i dati contenuti nei documenti di riconoscimento, codice fiscale, P.IVA, codice IBAN\/BIC.[\/vc_column_text][\/vc_column][\/vc_row][vc_row delay=&#8221;true&#8221; effect=&#8221;fadeIn&#8221;][vc_column]<style type=\"text\/css\">#ut_custom_heading69f2cb83f1986 { font-size:20px !important;line-height:30px !important; }#ut_custom_heading69f2cb83f1986 { text-align:left; }@media (min-width: 768px) and (max-width: 1024px) { #ut_custom_heading69f2cb83f1986 { text-align:left; } }@media (max-width: 767px) { #ut_custom_heading69f2cb83f1986 { text-align:left; } }#ut_custom_heading69f2cb83f1986 { text-transform:uppercase; }<\/style><h3 id=\"ut_custom_heading69f2cb83f1986\" data-responsive-font=\"h3\" data-responsive-font-settings=\"{&quot;base-font-size&quot;:&quot;global&quot;,&quot;font-size&quot;:{&quot;desktop_large&quot;:&quot;20&quot;},&quot;base-line-height&quot;:&quot;global&quot;,&quot;line-height&quot;:{&quot;desktop_large&quot;:&quot;30&quot;},&quot;base-letter-spacing&quot;:&quot;global&quot;}\" class=\"ut-custom-heading-module   vc_custom_1725546282827\" ><span class=\"\" >11. Finalit\u00e0 del trattamento<\/span><\/h3>[vc_column_text css=&#8221;&#8221;]<strong>11.1 <\/strong>Il trattamento dei Suoi dati personali sar\u00e0 svolto per le seguenti Finalit\u00e0:<\/p>\n<p><strong>a)<\/strong> gestione dei pagamenti previsti dalla legge e dal contratto e l\u2019esercizio dei relativi diritti;<\/p>\n<p><strong>b)<\/strong> adempimento degli obblighi di legge o di contratto e l&#8217;esercizio dei relativi diritti;<\/p>\n<p><strong>c)<\/strong> adempimenti fiscali e contabili ed amministrativi e comunicazioni all\u2019amministrazione finanziaria ad esso connessi. Il conferimento dei dati per finalit\u00e0 connesse all\u2019adempimento degli obblighi contrattuali, all&#8217;esercizio dei relativi diritti ed all\u2019osservanza degli obblighi legali e fiscali \u00e8 obbligatorio e per il trattamento di tali dati non \u00e8 richiesto il Suo consenso.<\/p>\n<p><strong>11.2<\/strong> Il rifiuto anche solo parziale al conferimento comporter\u00e0 l\u2019impossibilit\u00e0 di assolvere al contratto o di proseguire nel rapporto contrattuale in essere. La nostra organizzazione tratter\u00e0 i Suoi dati attenendosi scrupolosamente ai limiti ed alle condizioni imposte dalle leggi vigenti e dalle linee guida emanate tempo per tempo dalle Autorit\u00e0 preposte.<\/p>\n<p>Resta fermo l\u2019impegno da parte Sua di comunicarci tempestivamente, rispetto ai dati forniti e raccolti, eventuali correzioni, integrazioni e\/o aggiornamenti.[\/vc_column_text][\/vc_column][\/vc_row][vc_row delay=&#8221;true&#8221; effect=&#8221;fadeIn&#8221;][vc_column]<style type=\"text\/css\">#ut_custom_heading69f2cb83f19e5 { font-size:20px !important;line-height:30px !important; }#ut_custom_heading69f2cb83f19e5 { text-align:left; }@media (min-width: 768px) and (max-width: 1024px) { #ut_custom_heading69f2cb83f19e5 { text-align:left; } }@media (max-width: 767px) { #ut_custom_heading69f2cb83f19e5 { text-align:left; } }#ut_custom_heading69f2cb83f19e5 { text-transform:uppercase; }<\/style><h3 id=\"ut_custom_heading69f2cb83f19e5\" data-responsive-font=\"h3\" data-responsive-font-settings=\"{&quot;base-font-size&quot;:&quot;global&quot;,&quot;font-size&quot;:{&quot;desktop_large&quot;:&quot;20&quot;},&quot;base-line-height&quot;:&quot;global&quot;,&quot;line-height&quot;:{&quot;desktop_large&quot;:&quot;30&quot;},&quot;base-letter-spacing&quot;:&quot;global&quot;}\" class=\"ut-custom-heading-module   vc_custom_1725547244570\" ><span class=\"\" >12. Base giuridica<\/span><\/h3>[vc_column_text css=&#8221;&#8221;]<strong>12.1 <\/strong>I suoi dati personali saranno trattati per l&#8217;esecuzione di un contratto concluso con lei o per l&#8217;esecuzione di misure precontrattuali adottate su sua richiesta, per la necessit\u00e0 di osservare obblighi previsti da legge o da un regolamento o dalla normativa comunitaria, ivi compresi quelli previsti dalla normativa fiscale.<\/p>\n<p>L\u2019invio di comunicazioni commerciali e\/o promozionali relative a prodotti e servizi analoghi a quelli oggetto del rapporto contrattuale intercorso avviene sulla base del legittimo interesse del Titolare.[\/vc_column_text][\/vc_column][\/vc_row][vc_row delay=&#8221;true&#8221; effect=&#8221;fadeIn&#8221;][vc_column]<style type=\"text\/css\">#ut_custom_heading69f2cb83f1a39 { font-size:20px !important;line-height:30px !important; }#ut_custom_heading69f2cb83f1a39 { text-align:left; }@media (min-width: 768px) and (max-width: 1024px) { #ut_custom_heading69f2cb83f1a39 { text-align:left; } }@media (max-width: 767px) { #ut_custom_heading69f2cb83f1a39 { text-align:left; } }#ut_custom_heading69f2cb83f1a39 { text-transform:uppercase; }<\/style><h3 id=\"ut_custom_heading69f2cb83f1a39\" data-responsive-font=\"h3\" data-responsive-font-settings=\"{&quot;base-font-size&quot;:&quot;global&quot;,&quot;font-size&quot;:{&quot;desktop_large&quot;:&quot;20&quot;},&quot;base-line-height&quot;:&quot;global&quot;,&quot;line-height&quot;:{&quot;desktop_large&quot;:&quot;30&quot;},&quot;base-letter-spacing&quot;:&quot;global&quot;}\" class=\"ut-custom-heading-module   vc_custom_1725547410363\" ><span class=\"\" >13. Destinatari dei dati<\/span><\/h3>[vc_column_text css=&#8221;&#8221;]<strong>13.1 <\/strong>I Suoi dati potranno essere comunicati: ad altre societ\u00e0 del gruppo, a societ\u00e0 controllate o collegate, a studi di consulenza legale, amministrativa, fiscale, del lavoro, a societ\u00e0 incaricate dal Titolare di effettuare specifiche elaborazione di dati, societ\u00e0 che erogano servizi informatici, organismi di vigilanza, che opereranno il trattamento quali Responsabili Esterni, in adempimento agli obblighi di legge o di contratto.<\/p>\n<p>I Suoi dati, inoltre, potranno essere comunicati ai nostri collaboratori e dipendenti appositamente autorizzati e nell\u2019ambito delle mansioni da loro svolte. L&#8217;elenco aggiornato dei soggetti nominati Responsabili Esterni del trattamento o espressamente autorizzati al trattamento potr\u00e0 essere richiesto a mezzo e-mail al seguente indirizzo: <a href=\"mailto:info@tgmac.it\">info@tgmac.it<\/a><\/p>\n<ol>\n<li>Per trattamento di dati personali intendiamo qualsiasi operazione o insieme di operazioni, compiute con o senza l&#8217;ausilio di processi automatizzati e applicate a dati personali o insiemi di dati personali, come la raccolta, la registrazione, l&#8217;organizzazione, la strutturazione, la conservazione, l&#8217;adattamento o la modifica, l&#8217;estrazione, la consultazione, l&#8217;uso, la comunicazione mediante trasmissione, diffusione o qualsiasi altra forma di messa a disposizione, il raffronto o l&#8217;interconnessione, la limitazione, la cancellazione o la distruzione.<\/li>\n<\/ol>\n<p>I Suoi dati, ove fosse necessario e nel rispetto del principio della pertinenza, potranno essere comunicati alle categorie di soggetti qui di seguito indicate, che effettueranno il trattamento in qualit\u00e0 di Titolari Autonomi dello stesso:<\/p>\n<ul>\n<li>alle Banche, agli Istituti di credito e alle assicurazioni<\/li>\n<li>a societ\u00e0 di factoring o di recupero crediti<\/li>\n<li>a Pubbliche Amministrazioni ed Uffici Finanziari<\/li>\n<li>a studi notarili<\/li>\n<li>a soggetti che possono accedere agli stessi in forza di disposizioni di legge o di normativa secondaria o comunitaria<\/li>\n<li>a societ\u00e0 di revisione<\/li>\n<\/ul>\n<p><strong>13.2<\/strong> La Societ\u00e0 potr\u00e0, inoltre, divulgare i sui dati personali a terzi:<\/p>\n<ol>\n<li>laddove previsto da una normativa dell\u2019UE o di uno Stato membro<\/li>\n<li>in caso di procedimenti legali<\/li>\n<li>in risposta a una richiesta proveniente dalle forze dell&#8217;ordine che si fondi su basi legittime<\/li>\n<li>per proteggere i diritti, la privacy, la sicurezza o le propriet\u00e0 della Societ\u00e0 ed ancora, nella misura consentita dalla legge, per indagare, prevenire o adottare misure riguardanti attivit\u00e0 illecite, frodi sospette.<\/li>\n<\/ol>\n<p>[\/vc_column_text][\/vc_column][\/vc_row][vc_row delay=&#8221;true&#8221; effect=&#8221;fadeIn&#8221;][vc_column]<style type=\"text\/css\">#ut_custom_heading69f2cb83f1a89 { font-size:20px !important;line-height:30px !important; }#ut_custom_heading69f2cb83f1a89 { text-align:left; }@media (min-width: 768px) and (max-width: 1024px) { #ut_custom_heading69f2cb83f1a89 { text-align:left; } }@media (max-width: 767px) { #ut_custom_heading69f2cb83f1a89 { text-align:left; } }#ut_custom_heading69f2cb83f1a89 { text-transform:uppercase; }<\/style><h3 id=\"ut_custom_heading69f2cb83f1a89\" data-responsive-font=\"h3\" data-responsive-font-settings=\"{&quot;base-font-size&quot;:&quot;global&quot;,&quot;font-size&quot;:{&quot;desktop_large&quot;:&quot;20&quot;},&quot;base-line-height&quot;:&quot;global&quot;,&quot;line-height&quot;:{&quot;desktop_large&quot;:&quot;30&quot;},&quot;base-letter-spacing&quot;:&quot;global&quot;}\" class=\"ut-custom-heading-module   vc_custom_1725551104516\" ><span class=\"\" >14. Tempi di conservazione dei dati<\/span><\/h3>[vc_column_text css=&#8221;&#8221;]<strong>14.1 <\/strong>Per tutti gli adempimenti previsti dalla legge ivi compresi quelli in materia contabile, amministrativa e fiscale, i dati verranno conservati, in archiviazione, per un periodo di 10 anni dalla cessazione del rapporto contrattuale.<\/p>\n<p><strong>14.2<\/strong> In ogni caso sono fatti salvi i casi in cui la conservazione per un periodo successivo sia richiesta delle autorit\u00e0 competenti o ai sensi della normativa applicabile. Alla cessazione del periodo di conservazione i dati saranno cancellati, anonimizzati o aggregati.[\/vc_column_text][\/vc_column][\/vc_row][vc_row delay=&#8221;true&#8221; effect=&#8221;fadeIn&#8221;][vc_column]<style type=\"text\/css\">#ut_custom_heading69f2cb83f1ad7 { font-size:20px !important;line-height:30px !important; }#ut_custom_heading69f2cb83f1ad7 { text-align:left; }@media (min-width: 768px) and (max-width: 1024px) { #ut_custom_heading69f2cb83f1ad7 { text-align:left; } }@media (max-width: 767px) { #ut_custom_heading69f2cb83f1ad7 { text-align:left; } }#ut_custom_heading69f2cb83f1ad7 { text-transform:uppercase; }<\/style><h3 id=\"ut_custom_heading69f2cb83f1ad7\" data-responsive-font=\"h3\" data-responsive-font-settings=\"{&quot;base-font-size&quot;:&quot;global&quot;,&quot;font-size&quot;:{&quot;desktop_large&quot;:&quot;20&quot;},&quot;base-line-height&quot;:&quot;global&quot;,&quot;line-height&quot;:{&quot;desktop_large&quot;:&quot;30&quot;},&quot;base-letter-spacing&quot;:&quot;global&quot;}\" class=\"ut-custom-heading-module   vc_custom_1725551289732\" ><span class=\"\" >15. Trasferimento dei dati<\/span><\/h3>[vc_column_text css=&#8221;&#8221;]<strong>15.1 <\/strong>Il Titolare del trattamento non trasferisce i dati personali in paesi terzi o a organizzazioni internazionali.<\/p>\n<p><strong>15.2<\/strong> Tuttavia, si riserva la possibilit\u00e0 di utilizzare servizi in cloud; nel qual caso, i fornitori dei servizi saranno selezionati tra coloro che forniscono garanzie adeguate, cos\u00ec come previsto dall\u2019art. 46 GDPR 679\/16.[\/vc_column_text][\/vc_column][\/vc_row][vc_row delay=&#8221;true&#8221; effect=&#8221;fadeIn&#8221;][vc_column]<style type=\"text\/css\">#ut_custom_heading69f2cb83f1b25 { font-size:20px !important;line-height:30px !important; }#ut_custom_heading69f2cb83f1b25 { text-align:left; }@media (min-width: 768px) and (max-width: 1024px) { #ut_custom_heading69f2cb83f1b25 { text-align:left; } }@media (max-width: 767px) { #ut_custom_heading69f2cb83f1b25 { text-align:left; } }#ut_custom_heading69f2cb83f1b25 { text-transform:uppercase; }<\/style><h3 id=\"ut_custom_heading69f2cb83f1b25\" data-responsive-font=\"h3\" data-responsive-font-settings=\"{&quot;base-font-size&quot;:&quot;global&quot;,&quot;font-size&quot;:{&quot;desktop_large&quot;:&quot;20&quot;},&quot;base-line-height&quot;:&quot;global&quot;,&quot;line-height&quot;:{&quot;desktop_large&quot;:&quot;30&quot;},&quot;base-letter-spacing&quot;:&quot;global&quot;}\" class=\"ut-custom-heading-module   vc_custom_1725551458333\" ><span class=\"\" >16. Diritti dell\u2019interessato<\/span><\/h3>[vc_column_text css=&#8221;&#8221;]<strong>16.1 <\/strong>Ai sensi degli articoli 13, comma 2, e da 15 a 21 del Regolamento, La informiamo che in merito al trattamento dei Suoi dati personali Lei potr\u00e0 esercitare i seguenti diritti:<\/p>\n<p><strong>a) Diritto di ottenere l\u2019accesso ai dati personali <\/strong>e alle seguenti informazioni:<\/p>\n<ul>\n<li>la conferma che sia o meno in corso il trattamento di propri dati personali<\/li>\n<li>le finalit\u00e0 del trattamento<\/li>\n<li>le categorie di dati personali<\/li>\n<li>i destinatari o le categorie di destinatari a cui i dati personali sono stati o saranno comunicati<\/li>\n<li>qualora i dati non siano raccolti presso l&#8217;interessato, tutte le informazioni disponibili sulla loro origine<\/li>\n<li>l&#8217;esistenza di un processo decisionale automatizzato, compresa la profilazione<\/li>\n<li>una copia dei dati personali oggetto di trattamento<\/li>\n<\/ul>\n<p><strong>b) Diritto di rettifica<\/strong> ed integrazione dei dati personali<\/p>\n<p><strong>c) Diritto alla cancellazione<\/strong> dei dati (\u00abdiritto all&#8217;oblio\u00bb) se sussiste uno dei seguenti motivi:<\/p>\n<ol>\n<li>i dati personali non sono pi\u00f9 necessari rispetto alle finalit\u00e0 per le quali sono stati raccolti o altrimenti trattati<\/li>\n<li>l\u2019interessato revoca il consenso al trattamento dei dati e non sussiste altro fondamento giuridico per il trattamento<\/li>\n<li>l&#8217;interessato si oppone al trattamento e non sussiste alcun motivo legittimo prevalente per procedere al trattamento<\/li>\n<li>i dati personali sono stati trattati illecitamente<\/li>\n<li>i dati personali devono essere cancellati per adempiere un obbligo legale previsto dal diritto dell&#8217;Unione o dello Stato membro cui \u00e8 soggetto il titolare del trattamento.<\/li>\n<\/ol>\n<p><strong>16.2 <\/strong>Il titolare del trattamento, se ha reso pubblici dati personali ed \u00e8 obbligato a cancellarli, deve informare gli altri titolari che trattano i dati personali della richiesta di cancellare qualsiasi link, copia o riproduzione dei suoi dati.<\/p>\n<p><strong>d) Diritto alla limitazione<\/strong> <strong>del trattamento<\/strong> nel caso in cui:<\/p>\n<ol>\n<li>l\u2019interessato contesti l&#8217;esattezza dei dati personali, per il periodo necessario al titolare del trattamento per verificare l&#8217;esattezza di tali dati personali<\/li>\n<li>il trattamento \u00e8 illecito e l&#8217;interessato si oppone alla cancellazione dei dati personali e chiede invece che ne sia limitato l&#8217;utilizzo<\/li>\n<li>bench\u00e9 il titolare del trattamento non ne abbia pi\u00f9 bisogno ai fini del trattamento, i dati personali sono necessari all&#8217;interessato per l&#8217;accertamento, l&#8217;esercizio o la difesa di un diritto in sede giudiziaria<\/li>\n<li>l\u2019interessato si \u00e8 opposto al trattamento, in attesa della verifica in merito all&#8217;eventuale prevalenza dei motivi legittimi del titolare del trattamento rispetto a quelli dell&#8217;interessato<\/li>\n<\/ol>\n<p><strong>e) Diritto di proporre un reclamo<\/strong> al Garante per la protezione dei dati personali, seguendo le procedure e le indicazioni pubblicate sul sito web ufficiale dell\u2019Autorit\u00e0 <a href=\"http:\/\/www.garanteprivacy.it\">www.garanteprivacy.it<\/a><\/p>\n<p><strong>f) Diritto alla portabilit\u00e0<\/strong> del dato dell\u2019interessato ovvero il diritto di ricevere in un formato strutturato, di uso comune e leggibile da dispositivo automatico i dati personali che lo riguardano forniti a un titolare del trattamento ed eventualmente trasmetterli a un altro titolare del trattamento, qualora il trattamento si basi sul consenso o su un contratto e sia effettuato con mezzi automatizzati.<\/p>\n<p>Ove tecnicamente possibile, l\u2019interessato ha il diritto di ottenere la trasmissione diretta dei dati da un titolare del trattamento ad un altro<\/p>\n<p><strong>g) Diritto di opporsi<\/strong> in qualsiasi momento al trattamento dei dati personali, compresa la profilazione, in particolare nel caso in cui:<\/p>\n<ol>\n<li>il trattamento avviene sulla base del legittimo interesse del titolare, previa esplicitazione dei motivi dell\u2019opposizione<\/li>\n<li>i dati personali sono trattati per finalit\u00e0 di marketing diretto<\/li>\n<\/ol>\n<p><strong>h)<\/strong> Diritto di non essere sottoposto a una decisione basata unicamente sul <strong>trattamento automatizzato<\/strong>, compresa la <strong>profilazione<\/strong>, salvo nei casi in cui la decisione: sia necessaria per la conclusione o l&#8217;esecuzione di un contratto tra l&#8217;interessato e un titolare del trattamento, sia autorizzata dal diritto dell&#8217;Unione o dello Stato membro cui \u00e8 soggetto il titolare del trattamento o si basi sul consenso esplicito dell\u2019interessato<\/p>\n<p><strong>i) Diritto di revocare il consenso<\/strong> in qualsiasi momento; i dati, ove non poggino su altra base giuridica (tra cui, adempimento di un obbligo di legge o esecuzione di un contratto) devono essere cancellati dal titolare<\/p>\n<p>L\u2019esercizio dei diritti non \u00e8 soggetto ad alcun vincolo di forma ed \u00e8 gratuito[\/vc_column_text][\/vc_column][\/vc_row][vc_row delay=&#8221;true&#8221; effect=&#8221;fadeIn&#8221;][vc_column]<style type=\"text\/css\">#ut_custom_heading69f2cb83f1b82 { font-size:20px !important;line-height:30px !important; }#ut_custom_heading69f2cb83f1b82 { text-align:left; }@media (min-width: 768px) and (max-width: 1024px) { #ut_custom_heading69f2cb83f1b82 { text-align:left; } }@media (max-width: 767px) { #ut_custom_heading69f2cb83f1b82 { text-align:left; } }#ut_custom_heading69f2cb83f1b82 { text-transform:uppercase; }<\/style><h3 id=\"ut_custom_heading69f2cb83f1b82\" data-responsive-font=\"h3\" data-responsive-font-settings=\"{&quot;base-font-size&quot;:&quot;global&quot;,&quot;font-size&quot;:{&quot;desktop_large&quot;:&quot;20&quot;},&quot;base-line-height&quot;:&quot;global&quot;,&quot;line-height&quot;:{&quot;desktop_large&quot;:&quot;30&quot;},&quot;base-letter-spacing&quot;:&quot;global&quot;}\" class=\"ut-custom-heading-module   vc_custom_1725607610363\" ><span class=\"\" >17. Modalit\u00e0 di esercizio dei diritti<\/span><\/h3>[vc_column_text css=&#8221;&#8221;]<strong>17.1 <\/strong>L\u2019interessato potr\u00e0 in qualsiasi momento esercitare i diritti inviando:<\/p>\n<ul>\n<li>una raccomandata a\/r a: <strong>TG MAC srl<\/strong> con sede in <strong>Via San Giacinto 2\/4 41042 Fiorano Modenese (MO), Italia<\/strong><\/li>\n<li>una e-mail all\u2019indirizzo: <a href=\"mailto:info@tgmac.it\">info@tgmac.it<\/a><\/li>\n<\/ul>\n<p>[\/vc_column_text][\/vc_column][\/vc_row][vc_row delay=&#8221;true&#8221; effect=&#8221;fadeIn&#8221;][vc_column]<style type=\"text\/css\">#ut_custom_heading69f2cb83f1be4 { font-size:20px !important;line-height:30px !important; }#ut_custom_heading69f2cb83f1be4 { text-align:left; }@media (min-width: 768px) and (max-width: 1024px) { #ut_custom_heading69f2cb83f1be4 { text-align:left; } }@media (max-width: 767px) { #ut_custom_heading69f2cb83f1be4 { text-align:left; } }#ut_custom_heading69f2cb83f1be4 { text-transform:uppercase; }<\/style><h3 id=\"ut_custom_heading69f2cb83f1be4\" data-responsive-font=\"h3\" data-responsive-font-settings=\"{&quot;base-font-size&quot;:&quot;global&quot;,&quot;font-size&quot;:{&quot;desktop_large&quot;:&quot;20&quot;},&quot;base-line-height&quot;:&quot;global&quot;,&quot;line-height&quot;:{&quot;desktop_large&quot;:&quot;30&quot;},&quot;base-letter-spacing&quot;:&quot;global&quot;}\" class=\"ut-custom-heading-module   vc_custom_1725618261097\" ><span class=\"\" >18. Titolare del trattamento<\/span><\/h3>[vc_column_text css=&#8221;&#8221;]<strong>18.1 <\/strong>Il Titolare del trattamento \u00e8: <strong>TG MAC srl<\/strong> con sede in <strong>Via San Giacinto 2\/4 41042 Fiorano Modenese (MO), Italia<\/strong>[\/vc_column_text][\/vc_column][\/vc_row][vc_row delay=&#8221;true&#8221; effect=&#8221;fadeIn&#8221;][vc_column]<style type=\"text\/css\">#ut_custom_heading69f2cb83f1c32 { font-size:20px !important;line-height:30px !important; }#ut_custom_heading69f2cb83f1c32 { text-align:left; }@media (min-width: 768px) and (max-width: 1024px) { #ut_custom_heading69f2cb83f1c32 { text-align:left; } }@media (max-width: 767px) { #ut_custom_heading69f2cb83f1c32 { text-align:left; } }<\/style><h3 id=\"ut_custom_heading69f2cb83f1c32\" data-responsive-font=\"h3\" data-responsive-font-settings=\"{&quot;base-font-size&quot;:&quot;global&quot;,&quot;font-size&quot;:{&quot;desktop_large&quot;:&quot;20&quot;},&quot;base-line-height&quot;:&quot;global&quot;,&quot;line-height&quot;:{&quot;desktop_large&quot;:&quot;30&quot;},&quot;base-letter-spacing&quot;:&quot;global&quot;}\" class=\"ut-custom-heading-module   vc_custom_1725618424198\" ><span class=\"\" >19. INFORMATIVA FORNITORI E CONSULENTI AI SENSI DEGLI ARTT. 13-14 DEL REGOLAMENTO EUROPEO 679\/2016 (GDPR)<\/span><\/h3>[vc_column_text css=&#8221;&#8221;]<strong>19.1 <\/strong>La Societ\u00e0 <strong>TG MAC srl<\/strong> con sede in <strong>Via San Giacinto 2\/4 41042 Fiorano Modenese (MO), Italia<\/strong> Cod. Fisc.-Part. IVA <strong>01295850364<\/strong>\u00a0in qualit\u00e0 di Titolare del trattamento dei dati personali ai sensi dell\u2019art. 4 del Regolamento UE 2016\/679 la informa, ai sensi dell\u2019art. 13 del Regolamento, che tratter\u00e01 i suoi dati personali in via manuale e\/o con il supporto di mezzi informatici per le finalit\u00e0 di seguito indicate.[\/vc_column_text][vc_column_text css=&#8221;&#8221;]<strong>19.2 Tipologia dei dati trattati<\/strong><\/p>\n<p>Per effetto della costituzione del contratto (anche orale) e nel corso dell\u2019esecuzione dello stesso la nostra organizzazione si trover\u00e0 a raccogliere e trattare i Suoi dati personali. I dati che saranno trattati sono i dati c.d. comuni quali a titolo meramente esemplificativo: dati anagrafici; indirizzo di residenza, numero di telefono, indirizzo e-mail, i dati contenuti nei documenti di riconoscimento, codice fiscale, P.IVA, codice IBAN\/BIC.[\/vc_column_text][vc_column_text css=&#8221;&#8221;]<strong>19.3 Finalit\u00e0 del trattamento<\/strong><\/p>\n<p>Il trattamento dei Suoi dati personali sar\u00e0 svolto per le seguenti Finalit\u00e0:<\/p>\n<p><strong>a)<\/strong> gestione dei pagamenti previsti dalla legge e dal contratto e l\u2019esercizio dei relativi diritti;<\/p>\n<p><strong>b)<\/strong> adempimento degli obblighi di legge o di contratto e l&#8217;esercizio dei relativi diritti;<\/p>\n<p><strong>c)<\/strong> adempimenti fiscali e contabili ed amministrativi e comunicazioni all\u2019amministrazione finanziaria ad esso connessi. Il conferimento dei dati per finalit\u00e0 connesse all\u2019adempimento degli obblighi contrattuali, all&#8217;esercizio dei relativi diritti ed all\u2019osservanza degli obblighi legali e fiscali \u00e8 obbligatorio e per il trattamento di tali dati non \u00e8 richiesto il Suo consenso. Il rifiuto anche solo parziale al conferimento comporter\u00e0 l\u2019impossibilit\u00e0 di assolvere al contratto o di proseguire nel rapporto contrattuale in essere. La nostra organizzazione tratter\u00e0 i Suoi dati attenendosi scrupolosamente ai limiti ed alle condizioni imposte dalle leggi vigenti e dalle linee guida emanate tempo per tempo dalle Autorit\u00e0 preposte. Resta fermo l\u2019impegno da parte Sua di comunicarci tempestivamente, rispetto ai dati forniti e raccolti, eventuali correzioni, integrazioni e\/o aggiornamenti.[\/vc_column_text][vc_column_text css=&#8221;&#8221;]<strong>19.4 Base giuridica<\/strong><\/p>\n<p>I suoi dati personali saranno trattati per l&#8217;esecuzione di un contratto concluso con lei o per l&#8217;esecuzione di misure precontrattuali adottate su sua richiesta, per la necessit\u00e0 di osservare obblighi previsti da legge o da un regolamento o dalla normativa comunitaria, ivi compresi quelli previsti dalla normativa fiscale. L\u2019invio di comunicazioni commerciali e\/o promozionali relative a prodotti e servizi analoghi a quelli oggetto del rapporto contrattuale intercorso avviene sulla base del legittimo interesse del Titolare.[\/vc_column_text][vc_column_text css=&#8221;&#8221;]<strong>19.5 Destinatari dei dati <\/strong><\/p>\n<p>I Suoi dati potranno essere comunicati: ad altre societ\u00e0 del gruppo, a societ\u00e0 controllate o collegate, a studi di consulenza legale, amministrativa, fiscale, del lavoro, a societ\u00e0 incaricate dal Titolare di effettuare specifiche elaborazione di dati, societ\u00e0 che erogano servizi informatici, organismi di vigilanza, che opereranno il trattamento quali Responsabili Esterni, in adempimento agli obblighi di legge o di contratto. I Suoi dati, inoltre, potranno essere comunicati ai nostri collaboratori e dipendenti appositamente autorizzati e nell\u2019ambito delle mansioni da loro svolte. L&#8217;elenco aggiornato dei soggetti nominati Responsabili Esterni del trattamento o espressamente autorizzati al trattamento potr\u00e0 essere richiesto a mezzo e-mail al seguente indirizzo: <a href=\"mailto:info@tgmac.it\">info@tgmac.it<\/a><\/p>\n<ol>\n<li>Per trattamento di dati personali intendiamo qualsiasi operazione o insieme di operazioni, compiute con o senza l&#8217;ausilio di processi automatizzati e applicate a dati personali o insiemi di dati personali, come la raccolta, la registrazione, l&#8217;organizzazione, la strutturazione, la conservazione, l&#8217;adattamento o la modifica, l&#8217;estrazione, la consultazione, l&#8217;uso, la comunicazione mediante trasmissione, diffusione o qualsiasi altra forma di messa a disposizione, il raffronto o l&#8217;interconnessione, la limitazione, la cancellazione o la distruzione.I Suoi dati, ove fosse necessario e nel rispetto del principio della pertinenza, potranno essere comunicati alle categorie di soggetti qui di seguito indicate, che effettueranno il trattamento in qualit\u00e0 di Titolari Autonomi dello stesso:- alle Banche, agli Istituti di credito e alle assicurazioni- a societ\u00e0 di factoring o di recupero crediti;- a Pubbliche Amministrazioni ed Uffici Finanziari;- a studi notarili;- a soggetti che possono accedere agli stessi in forza di disposizioni di legge o di normativa secondaria o comunitaria;- a societ\u00e0 di revisione;La Societ\u00e0 potr\u00e0, inoltre, divulgare i sui dati personali a terzi (i) laddove previsto da una normativa dell\u2019UE o di uno Stato membro; (ii) in caso di procedimenti legali; (iii) in risposta a una richiesta proveniente dalle forze dell&#8217;ordine che si fondi su basi legittime; (iv) per proteggere i diritti, la privacy, la sicurezza o le propriet\u00e0 della Societ\u00e0 ed ancora, nella misura consentita dalla legge, per indagare, prevenire o adottare misure riguardanti attivit\u00e0 illecite, frodi sospette.<\/li>\n<\/ol>\n<p>[\/vc_column_text][vc_column_text css=&#8221;&#8221;]<strong>19.6 Tempi di conservazione dei dati <\/strong><\/p>\n<p>Per tutti gli adempimenti previsti dalla legge ivi compresi quelli in materia contabile, amministrativa e fiscale, i dati verranno conservati, in archiviazione, per un periodo di 10 anni dalla cessazione del rapporto contrattuale. In ogni caso sono fatti salvi i casi in cui la conservazione per un periodo successivo sia richiesta delle autorit\u00e0 competenti o ai sensi della normativa applicabile. Alla cessazione del periodo di conservazione i dati saranno cancellati, anonimizzati o aggregati.[\/vc_column_text][vc_column_text css=&#8221;&#8221;]<strong>19.7 Trasferimento dei dati <\/strong><\/p>\n<p>Il Titolare del trattamento non trasferisce i dati personali in paesi terzi o a organizzazioni internazionali.<\/p>\n<p>Tuttavia, si riserva la possibilit\u00e0 di utilizzare servizi in cloud; nel qual caso, i fornitori dei servizi saranno selezionati tra coloro che forniscono garanzie adeguate, cos\u00ec come previsto dall\u2019art. 46 GDPR 679\/16.[\/vc_column_text][vc_column_text css=&#8221;&#8221;]<strong>19.8 Diritti dell\u2019interessato<\/strong><\/p>\n<p>Ai sensi degli articoli 13, comma 2, e da 15 a 21 del Regolamento, La informiamo che in merito al trattamento dei Suoi dati personali Lei potr\u00e0 esercitare i seguenti diritti:<\/p>\n<p><strong>a) Diritto di ottenere l\u2019accesso ai dati personali<\/strong> e alle seguenti informazioni:<\/p>\n<p>&#8211; la conferma che sia o meno in corso il trattamento di propri dati personali;<\/p>\n<p>&#8211; le finalit\u00e0 del trattamento;<\/p>\n<p>&#8211; le categorie di dati personali;<\/p>\n<p>&#8211; i destinatari o le categorie di destinatari a cui i dati personali sono stati o saranno comunicati;<\/p>\n<p>&#8211; qualora i dati non siano raccolti presso l&#8217;interessato, tutte le informazioni disponibili sulla loro origine;<\/p>\n<p>&#8211; l&#8217;esistenza di un processo decisionale automatizzato, compresa la profilazione;<\/p>\n<p>&#8211; una copia dei dati personali oggetto di trattamento.<\/p>\n<p><strong>b) Diritto di rettifica<\/strong> ed integrazione dei dati personali;<\/p>\n<p><strong>c) Diritto alla cancellazione<\/strong> dei dati (\u00abdiritto all&#8217;oblio\u00bb) se sussiste uno dei seguenti motivi:<\/p>\n<p>1. i dati personali non sono pi\u00f9 necessari rispetto alle finalit\u00e0 per le quali sono stati raccolti o altrimenti trattati;<\/p>\n<p>2. l\u2019interessato revoca il consenso al trattamento dei dati e non sussiste altro fondamento giuridico per il trattamento;<\/p>\n<p>3. l&#8217;interessato si oppone al trattamento e non sussiste alcun motivo legittimo prevalente per procedere al trattamento;<\/p>\n<p>4. i dati personali sono stati trattati illecitamente;<\/p>\n<p>5. i dati personali devono essere cancellati per adempiere un obbligo legale previsto dal diritto dell&#8217;Unione o dello Stato membro cui \u00e8 soggetto il titolare del trattamento.<\/p>\n<p>Il titolare del trattamento, se ha reso pubblici dati personali ed \u00e8 obbligato a cancellarli, deve informare gli altri titolari che trattano i dati personali della richiesta di cancellare qualsiasi link, copia o riproduzione dei suoi dati.<\/p>\n<p><strong>d) Diritto alla limitazione<\/strong> <strong>del trattamento<\/strong> nel caso in cui:<\/p>\n<p>1. l\u2019interessato contesti l&#8217;esattezza dei dati personali, per il periodo necessario al titolare del trattamento per verificare l&#8217;esattezza di tali dati personali;<\/p>\n<p>2. il trattamento \u00e8 illecito e l&#8217;interessato si oppone alla cancellazione dei dati personali e chiede invece che ne sia limitato l&#8217;utilizzo;<\/p>\n<p>3. bench\u00e9 il titolare del trattamento non ne abbia pi\u00f9 bisogno ai fini del trattamento, i dati personali sono necessari all&#8217;interessato per l&#8217;accertamento, l&#8217;esercizio o la difesa di un diritto in sede giudiziaria;<\/p>\n<p>4. l\u2019interessato si \u00e8 opposto al trattamento, in attesa della verifica in merito all&#8217;eventuale prevalenza dei motivi legittimi del titolare del trattamento rispetto a quelli dell&#8217;interessato.<\/p>\n<p><strong>e) Diritto di proporre un reclamo<\/strong> al Garante per la protezione dei dati personali, seguendo le procedure e le indicazioni pubblicate sul sito web ufficiale dell\u2019Autorit\u00e0 www.garanteprivacy.it.<\/p>\n<p><strong>f) Diritto alla portabilit\u00e0<\/strong> del dato dell\u2019interessato ovvero il diritto di ricevere in un formato strutturato, di uso comune e leggibile da dispositivo automatico i dati personali che lo riguardano forniti a un titolare del trattamento ed eventualmente trasmetterli a un altro titolare del trattamento, qualora il trattamento si basi sul consenso o su un contratto e sia effettuato con mezzi automatizzati. Ove tecnicamente possibile, l\u2019interessato ha il diritto di ottenere la trasmissione diretta dei dati da un titolare del trattamento ad un altro.<\/p>\n<p><strong>g) Diritto di opporsi<\/strong> in qualsiasi momento al trattamento dei dati personali, compresa la profilazione, in particolare nel caso in cui:<\/p>\n<p>1.il trattamento avviene sulla base del legittimo interesse del titolare, previa esplicitazione dei motivi dell\u2019opposizione;<\/p>\n<p>2.i dati personali sono trattati per finalit\u00e0 di marketing diretto.<\/p>\n<p><strong>h)<\/strong> Diritto di non essere sottoposto a una decisione basata unicamente sul <strong>trattamento automatizzato<\/strong>, compresa la <strong>profilazione<\/strong>, salvo nei casi in cui la decisione: sia necessaria per la conclusione o l&#8217;esecuzione di un contratto tra l&#8217;interessato e un titolare del trattamento, sia autorizzata dal diritto dell&#8217;Unione o dello Stato membro cui \u00e8 soggetto il titolare del trattamento o si basi sul consenso esplicito dell\u2019interessato.<\/p>\n<p><strong>i) Diritto di revocare il consenso<\/strong> in qualsiasi momento; i dati, ove non poggino su altra base giuridica (tra cui, adempimento di un obbligo di legge o esecuzione di un contratto) devono essere cancellati dal titolare.<\/p>\n<p>L\u2019esercizio dei diritti non \u00e8 soggetto ad alcun vincolo di forma ed \u00e8 gratuito.[\/vc_column_text][vc_column_text css=&#8221;&#8221;]<strong>20 Titolare del trattamento<\/strong><\/p>\n<p>Il Titolare del trattamento \u00e8: <strong>TG MAC srl <\/strong>con sede in <strong>Via San Giacinto 2\/4<\/strong><br \/>\n<strong>41042 Fiorano Modenese (MO) Italia<\/strong>[\/vc_column_text][\/vc_column][\/vc_row][vc_row delay=&#8221;true&#8221; effect=&#8221;fadeIn&#8221;][vc_column]<style type=\"text\/css\">#ut_custom_heading69f2cb83f1c84 { font-size:20px !important;line-height:30px !important; }#ut_custom_heading69f2cb83f1c84 { text-align:left; }@media (min-width: 768px) and (max-width: 1024px) { #ut_custom_heading69f2cb83f1c84 { text-align:left; } }@media (max-width: 767px) { #ut_custom_heading69f2cb83f1c84 { text-align:left; } }<\/style><h3 id=\"ut_custom_heading69f2cb83f1c84\" data-responsive-font=\"h3\" data-responsive-font-settings=\"{&quot;base-font-size&quot;:&quot;global&quot;,&quot;font-size&quot;:{&quot;desktop_large&quot;:&quot;20&quot;},&quot;base-line-height&quot;:&quot;global&quot;,&quot;line-height&quot;:{&quot;desktop_large&quot;:&quot;30&quot;},&quot;base-letter-spacing&quot;:&quot;global&quot;}\" class=\"ut-custom-heading-module   vc_custom_1727087265178\" ><span class=\"\" >21. INFORMATIVA FORNITORI E CONSULENTI AI SENSI DEGLI ARTT. 13-14 DEL REGOLAMENTO EUROPEO 679\/2016 (GDPR) <\/span><\/h3>[vc_column_text css=&#8221;&#8221;]<strong>21.1 <\/strong>La Societ\u00e0 <strong>TG MAC srl<\/strong> con sede in <strong>Via San Giacinto 2\/4 41042 Fiorano Modenese (MO), Italia<\/strong> Cod. Fisc.-Part. IVA <strong>01295850364<\/strong>\u00a0in qualit\u00e0 di Titolare del trattamento dei dati personali ai sensi dell\u2019art. 4 del Regolamento UE 2016\/679 la informa, ai sensi dell\u2019art. 13 del Regolamento, che tratter\u00e01 i suoi dati personali in via manuale e\/o con il supporto di mezzi informatici per le finalit\u00e0 di seguito indicate.[\/vc_column_text][vc_column_text css=&#8221;&#8221;]<strong>21.2 Tipologia di dati trattati <\/strong><\/p>\n<p>Per effetto del contratto (anche orale) e nel corso dell&#8217;esecuzione dello stesso la nostra organizzazione si trover\u00e0 a raccogliere e trattare i Suoi dati personali. I dati che saranno trattati sono i dati c.d. comuni quali a titolo meramente esemplificativo: dati anagrafici; indirizzo di residenza, numero di telefono, indirizzo e-mail, i dati contenuti nei documenti di riconoscimento, codice fiscale, P.IVA, codice IBAN\/BIC, dati di qualifica e formazione professionale.[\/vc_column_text][vc_column_text css=&#8221;&#8221;]<strong>21.3 Finalit\u00e0 del trattamento<\/strong><\/p>\n<p>I dati personali da lei forniti saranno trattati per le seguenti finalit\u00e0:<\/p>\n<p><strong>a)<\/strong> esecuzione del contratto di fornitura, compresa l\u2019eventuale fase precontrattuale e adempimento ai suoi obblighi;<\/p>\n<p><strong>b)<\/strong> gestione dei pagamenti previsti dalla legge e dal contratto;<\/p>\n<p><strong>c)<\/strong> adempimento degli obblighi previsti da legge o da un regolamento o dalla normativa comunitaria;<\/p>\n<p><strong>d)<\/strong> adempimenti fiscali, contabili ed amministrativi;<\/p>\n<p><strong>e)<\/strong> per adempiere a Sue specifiche richieste.<\/p>\n<p>Le precisiamo che la nostra organizzazione tratter\u00e0 i Suoi dati attenendosi scrupolosamente ai limiti ed alle condizioni imposte dalle leggi vigenti e dalle linee guida emanate tempo per tempo dalle Autorit\u00e0 preposte.<\/p>\n<p>Resta fermo l\u2019impegno da parte Sua di comunicarci tempestivamente, rispetto ai dati forniti e raccolti, eventuali correzioni, integrazioni e\/o aggiornamenti.<\/p>\n<p>Il conferimento dei dati per le finalit\u00e0 di cui sopra \u00e8 facoltativo, il rifiuto anche solo parziale al conferimento dei dati comporter\u00e0 l\u2019impossibilit\u00e0 da parte nostra di gestire correttamente quanto previsto dal contratto stesso, di osservare gli obblighi legali e fiscali o di dare seguito alle sue richieste.[\/vc_column_text][vc_column_text css=&#8221;&#8221;]<strong>21.4 <\/strong><strong>Base giuridica <\/strong><\/p>\n<p>I suoi dati personali saranno trattati per l&#8217;esecuzione di un contratto concluso con lei o per l&#8217;esecuzione di misure precontrattuali adottate su sua richiesta, per la necessit\u00e0 di osservare obblighi legali o da un regolamento o dalla normativa comunitaria, ivi compresi quelli previsti dalla normativa fiscale.[\/vc_column_text][vc_column_text css=&#8221;&#8221;]<strong>21.5 <\/strong><strong>Destinatari dei dati <\/strong><\/p>\n<p>I Suoi dati potranno essere comunicati: ad altre societ\u00e0 del gruppo, a societ\u00e0 controllate o collegate, a studi di consulenza legale, amministrativa, fiscale, del lavoro, a societ\u00e0 incaricate dal Titolare di effettuare specifiche elaborazione di dati, societ\u00e0 che erogano servizi informatici, organismi di vigilanza, che opereranno il trattamento quali Responsabili Esterni, in adempimento agli obblighi di legge o di contratto. I Suoi dati, inoltre, potranno essere comunicati ai nostri collaboratori e dipendenti appositamente autorizzati e nell\u2019ambito delle mansioni da loro svolte.<\/p>\n<p>Per trattamento di dati personali intendiamo qualsiasi operazione o insieme di operazioni, compiute con o senza l&#8217;ausilio di processi automatizzati e applicate a dati personali o insiemi di dati personali, come la raccolta, la registrazione, l&#8217;organizzazione, la strutturazione, la conservazione, l&#8217;adattamento o la modifica, l&#8217;estrazione, la consultazione, l&#8217;uso, la comunicazione mediante trasmissione, diffusione o qualsiasi altra forma di messa a disposizione, il raffronto o l&#8217;interconnessione, la limitazione, la cancellazione o la distruzione. L&#8217;elenco aggiornato dei soggetti nominati Responsabili Esterni del trattamento o espressamente autorizzati al trattamento potr\u00e0 essere richiesto a mezzo e-mail al seguente indirizzo: <a href=\"mailto:info@tgmac.it\">info@tgmac.it<\/a><\/p>\n<p>I Suoi dati, ove fosse necessario e nel rispetto del principio della pertinenza, potranno essere comunicati alle categorie di soggetti qui di seguito indicate, che effettueranno il trattamento in qualit\u00e0 di Titolari Autonomi dello stesso:<\/p>\n<p>&#8211; alle Banche, agli Istituti di credito e alle assicurazioni<\/p>\n<p>&#8211; a Pubbliche Amministrazioni ed Uffici Finanziari;<\/p>\n<p>&#8211; a studi notarili;<\/p>\n<p>&#8211; a soggetti che possono accedere agli stessi in forza di disposizioni di legge o di normativa secondaria o comunitaria;<\/p>\n<p>&#8211; a societ\u00e0 di revisione;<\/p>\n<p>La Societ\u00e0 potr\u00e0, inoltre, divulgare i sui dati personali a terzi (i) laddove previsto da una normativa dell\u2019UE o di uno Stato membro; (ii) in caso di procedimenti legali; (iii) in risposta a una richiesta proveniente dalle forze dell&#8217;ordine che si fondi su basi legittime; (iv) per proteggere i diritti, la privacy, la sicurezza o le propriet\u00e0 della Societ\u00e0 ed ancora, nella misura consentita dalla legge, per indagare, prevenire o adottare misure riguardanti attivit\u00e0 illecite, frodi sospette.[\/vc_column_text][vc_column_text css=&#8221;&#8221;]<strong>21.6 <\/strong><strong>Tempi di conservazione dei dati<\/strong><\/p>\n<p>In ossequio ai principi generali dettati in materia contabile ed amministrativa e per le esigenze derivanti dalla gestione dell\u2019eventuale contenzioso, i dati verranno conservati, in archiviazione, per un periodo di 10 anni dalla cessazione del rapporto contrattuale. In ogni caso sono fatti salvi i casi in cui la conservazione per un periodo successivo sia richiesta delle autorit\u00e0 competenti o ai sensi della normativa applicabile. Alla cessazione del periodo di conservazione i dati saranno cancellati, anonimizzati o aggregati.[\/vc_column_text][vc_column_text css=&#8221;&#8221;]<strong>21.7 <\/strong><strong>Trasferimento dei dati<\/strong><\/p>\n<p>Il Titolare del trattamento non trasferisce i dati personali in paesi terzi o a organizzazioni internazionali.<\/p>\n<p>Tuttavia, si riserva la possibilit\u00e0 di utilizzare servizi in cloud; nel qual caso, i fornitori dei servizi saranno selezionati tra coloro che forniscono garanzie adeguate, cos\u00ec come previsto dall\u2019art. 46 GDPR 679\/16.[\/vc_column_text][vc_column_text css=&#8221;&#8221;]<strong>21.8 <\/strong><strong>Diritti dell\u2019interessato<\/strong><\/p>\n<p>Ai sensi degli articoli 13, comma 2, e da 15 a 21 del Regolamento, La informiamo che in merito al trattamento dei Suoi dati personali Lei potr\u00e0 esercitare i seguenti diritti:<\/p>\n<p><strong>a) Diritto di ottenere l\u2019accesso ai dati personali<\/strong> e alle seguenti informazioni:<\/p>\n<p>&#8211; la conferma che sia o meno in corso il trattamento di propri dati personali;<\/p>\n<p>&#8211; le finalit\u00e0 del trattamento;<\/p>\n<p>&#8211; le categorie di dati personali;<\/p>\n<p>&#8211; i destinatari o le categorie di destinatari a cui i dati personali sono stati o saranno comunicati;<\/p>\n<p>&#8211; qualora i dati non siano raccolti presso l&#8217;interessato, tutte le informazioni disponibili sulla loro origine;<\/p>\n<p>&#8211; l&#8217;esistenza di un processo decisionale automatizzato, compresa la profilazione;<\/p>\n<p>&#8211; una copia dei dati personali oggetto di trattamento.<\/p>\n<p><strong>b) Diritto di rettifica<\/strong> ed integrazione dei dati personali;<\/p>\n<p><strong>c) Diritto alla cancellazione<\/strong> dei dati (\u00abdiritto all&#8217;oblio\u00bb) se sussiste uno dei seguenti motivi:<\/p>\n<p>1. i dati personali non sono pi\u00f9 necessari rispetto alle finalit\u00e0 per le quali sono stati raccolti o altrimenti trattati;<\/p>\n<p>2. l\u2019interessato revoca il consenso al trattamento dei dati e non sussiste altro fondamento giuridico per il trattamento;<\/p>\n<p><strong>d) Diritto alla limitazione<\/strong> <strong>del trattamento<\/strong> nel caso in cui:<\/p>\n<p>1. l\u2019interessato contesti l&#8217;esattezza dei dati personali, per il periodo necessario al titolare del trattamento per verificare l&#8217;esattezza di tali dati personali;<\/p>\n<p>2. il trattamento \u00e8 illecito e l&#8217;interessato si oppone alla cancellazione dei dati personali e chiede invece che ne sia limitato l&#8217;utilizzo;<\/p>\n<p>3. bench\u00e9 il titolare del trattamento non ne abbia pi\u00f9 bisogno ai fini del trattamento, i dati personali sono necessari all&#8217;interessato per l&#8217;accertamento, l&#8217;esercizio o la difesa di un diritto in sede giudiziaria;<\/p>\n<p>4. l\u2019interessato si \u00e8 opposto al trattamento, in attesa della verifica in merito all&#8217;eventuale prevalenza dei motivi legittimi del titolare del trattamento rispetto a quelli dell&#8217;interessato.<\/p>\n<p><strong>e) Diritto di proporre un reclamo<\/strong> al Garante per la protezione dei dati personali, seguendo le procedure e le indicazioni pubblicate sul sito web ufficiale dell\u2019Autorit\u00e0 www.garanteprivacy.it.<\/p>\n<p><strong>f) Diritto alla portabilit\u00e0<\/strong> del dato dell\u2019interessato ovvero il diritto di ricevere in un formato strutturato, di uso comune e leggibile da dispositivo automatico i dati personali che lo riguardano forniti a un titolare del trattamento ed eventualmente trasmetterli a un altro titolare del trattamento, qualora il trattamento si basi sul consenso o su un contratto e sia effettuato con mezzi automatizzati. Ove tecnicamente possibile, l\u2019interessato ha il diritto di ottenere la trasmissione diretta dei dati da un titolare del trattamento ad un altro.<\/p>\n<p><strong>g) Diritto di opporsi<\/strong> in qualsiasi momento al trattamento dei dati personali, compresa la profilazione, in particolare nel caso in cui:<\/p>\n<p>1.il trattamento avviene sulla base del legittimo interesse del titolare, previa esplicitazione dei motivi dell\u2019opposizione;<\/p>\n<p>2.i dati personali sono trattati per finalit\u00e0 di marketing diretto.<\/p>\n<p><strong>h)<\/strong> Diritto di non essere sottoposto a una decisione basata unicamente sul <strong>trattamento automatizzato<\/strong>, compresa la <strong>profilazione<\/strong>, salvo nei casi in cui la decisione: sia necessaria per la conclusione o l&#8217;esecuzione di un contratto tra l&#8217;interessato e un titolare del trattamento, sia autorizzata dal diritto dell&#8217;Unione o dello Stato membro cui \u00e8 soggetto il titolare del trattamento o si basi sul consenso esplicito dell\u2019interessato.<\/p>\n<p><strong>i) Diritto di revocare il consenso<\/strong> in qualsiasi momento; i dati, ove non poggino su altra base giuridica (tra cui, adempimento di un obbligo di legge o esecuzione di un contratto) devono essere cancellati dal titolare. L\u2019esercizio dei diritti non \u00e8 soggetto ad alcun vincolo di forma ed \u00e8 gratuito.[\/vc_column_text][vc_column_text css=&#8221;&#8221;]<strong>21.9 <\/strong><strong>Modalit\u00e0 di esercizio dei diritti<\/strong><\/p>\n<p>L\u2019interessato potr\u00e0 in qualsiasi momento esercitare i diritti inviando:<\/p>\n<p><strong>&#8211; una raccomandata a\/r<\/strong> a: TG MAC srl con sede in Via San Giacinto 2\/4<br \/>\n41042 Fiorano Modenese (MO) Italia<\/p>\n<p><strong>&#8211; una e-mail all\u2019indirizzo<\/strong>: <a href=\"mailto:info@tgmac.it\">info@tgmac.it<\/a>[\/vc_column_text][vc_column_text css=&#8221;&#8221;]<strong>21.10 <\/strong><strong>Titolare del trattamento<\/strong><\/p>\n<p>Il Titolare del trattamento \u00e8: TG MAC srl con sede in Via San Giacinto 2\/4<br \/>\n41042 Fiorano Modenese (MO) Italia[\/vc_column_text][\/vc_column][\/vc_row][\/vc_section][vc_row][vc_column][vc_column_text][\/vc_column_text][\/vc_column][\/vc_row]<\/p>\n<\/div>","protected":false},"excerpt":{"rendered":"<p>[vc_section][vc_row equal_height=&#8221;yes&#8221; content_placement=&#8221;middle&#8221; delay=&#8221;true&#8221; effect=&#8221;fadeIn&#8221;][vc_column width=&#8221;3\/4&#8243;][vc_row_inner][vc_column_inner][vc_column_text css=&#8221;&#8221;]1.1 A seguito della consultazione di questo sito possono essere trattati dati relativi a persone identificate o identificabili. Il \u201ctitolare\u201d del loro trattamento \u00e8 TG MAC srl per la protezione dei dati personali, che ha sede in Via San Giacinto 2\/4 41042 Fiorano Modenese (MO), Italia[\/vc_column_text][\/vc_column_inner][\/vc_row_inner][\/vc_column][\/vc_row][vc_row delay=&#8221;true&#8221; effect=&#8221;fadeIn&#8221;][vc_column][vc_column_text css=&#8221;&#8221;]2.1 [&hellip;]<\/p>\n","protected":false},"author":1,"featured_media":0,"parent":0,"menu_order":0,"comment_status":"closed","ping_status":"closed","template":"","meta":{"footnotes":""},"class_list":["post-6329","page","type-page","status-publish","hentry"],"yoast_head":"<!-- This site is optimized with the Yoast SEO plugin v24.5 - https:\/\/yoast.com\/wordpress\/plugins\/seo\/ -->\n<title>Privacy Policy - TG MAC<\/title>\n<meta name=\"robots\" content=\"noindex, follow\" \/>\n<meta property=\"og:locale\" content=\"it_IT\" \/>\n<meta property=\"og:type\" content=\"article\" \/>\n<meta property=\"og:title\" content=\"Privacy Policy - TG MAC\" \/>\n<meta property=\"og:description\" content=\"[vc_section][vc_row equal_height=&#8221;yes&#8221; content_placement=&#8221;middle&#8221; delay=&#8221;true&#8221; effect=&#8221;fadeIn&#8221;][vc_column width=&#8221;3\/4&#8243;][vc_row_inner][vc_column_inner][vc_column_text css=&#8221;&#8221;]1.1 A seguito della consultazione di questo sito possono essere trattati dati relativi a persone identificate o identificabili. Il \u201ctitolare\u201d del loro trattamento \u00e8 TG MAC srl per la protezione dei dati personali, che ha sede in Via San Giacinto 2\/4 41042 Fiorano Modenese (MO), Italia[\/vc_column_text][\/vc_column_inner][\/vc_row_inner][\/vc_column][\/vc_row][vc_row delay=&#8221;true&#8221; effect=&#8221;fadeIn&#8221;][vc_column][vc_column_text css=&#8221;&#8221;]2.1 [&hellip;]\" \/>\n<meta property=\"og:url\" content=\"https:\/\/www.tgmac.it\/index.php\/privacy\/\" \/>\n<meta property=\"og:site_name\" content=\"TG MAC\" \/>\n<meta property=\"article:publisher\" content=\"https:\/\/www.facebook.com\/TGMACGlazingSystem\" \/>\n<meta property=\"article:modified_time\" content=\"2025-03-05T08:28:45+00:00\" \/>\n<meta name=\"twitter:card\" content=\"summary_large_image\" \/>\n<meta name=\"twitter:label1\" content=\"Tempo di lettura stimato\" \/>\n\t<meta name=\"twitter:data1\" content=\"33 minuti\" \/>\n<script type=\"application\/ld+json\" class=\"yoast-schema-graph\">{\"@context\":\"https:\/\/schema.org\",\"@graph\":[{\"@type\":\"WebPage\",\"@id\":\"https:\/\/www.tgmac.it\/index.php\/privacy\/\",\"url\":\"https:\/\/www.tgmac.it\/index.php\/privacy\/\",\"name\":\"Privacy Policy - TG MAC\",\"isPartOf\":{\"@id\":\"https:\/\/tgmac.it\/#website\"},\"datePublished\":\"2019-01-15T07:47:14+00:00\",\"dateModified\":\"2025-03-05T08:28:45+00:00\",\"breadcrumb\":{\"@id\":\"https:\/\/www.tgmac.it\/index.php\/privacy\/#breadcrumb\"},\"inLanguage\":\"it-IT\",\"potentialAction\":[{\"@type\":\"ReadAction\",\"target\":[\"https:\/\/www.tgmac.it\/index.php\/privacy\/\"]}]},{\"@type\":\"BreadcrumbList\",\"@id\":\"https:\/\/www.tgmac.it\/index.php\/privacy\/#breadcrumb\",\"itemListElement\":[{\"@type\":\"ListItem\",\"position\":1,\"name\":\"Home\",\"item\":\"https:\/\/www.tgmac.it\/\"},{\"@type\":\"ListItem\",\"position\":2,\"name\":\"Privacy Policy\"}]},{\"@type\":\"WebSite\",\"@id\":\"https:\/\/tgmac.it\/#website\",\"url\":\"https:\/\/tgmac.it\/\",\"name\":\"TG MAC - Glazing System\",\"description\":\"Glazing System\",\"publisher\":{\"@id\":\"https:\/\/tgmac.it\/#organization\"},\"potentialAction\":[{\"@type\":\"SearchAction\",\"target\":{\"@type\":\"EntryPoint\",\"urlTemplate\":\"https:\/\/tgmac.it\/?s={search_term_string}\"},\"query-input\":{\"@type\":\"PropertyValueSpecification\",\"valueRequired\":true,\"valueName\":\"search_term_string\"}}],\"inLanguage\":\"it-IT\"},{\"@type\":\"Organization\",\"@id\":\"https:\/\/tgmac.it\/#organization\",\"name\":\"TG MAC srl\",\"url\":\"https:\/\/tgmac.it\/\",\"logo\":{\"@type\":\"ImageObject\",\"inLanguage\":\"it-IT\",\"@id\":\"https:\/\/tgmac.it\/#\/schema\/logo\/image\/\",\"url\":\"https:\/\/www.tgmac.it\/wp-content\/uploads\/2024\/08\/Logo-Bucato-60.png\",\"contentUrl\":\"https:\/\/www.tgmac.it\/wp-content\/uploads\/2024\/08\/Logo-Bucato-60.png\",\"width\":255,\"height\":60,\"caption\":\"TG MAC srl\"},\"image\":{\"@id\":\"https:\/\/tgmac.it\/#\/schema\/logo\/image\/\"},\"sameAs\":[\"https:\/\/www.facebook.com\/TGMACGlazingSystem\",\"https:\/\/www.youtube.com\/channel\/UC3KYtp7IYsqiljqFZd1e3SA\",\"https:\/\/it.linkedin.com\/in\/paolo-galanti-8100b865\"]}]}<\/script>\n<!-- \/ Yoast SEO plugin. -->","yoast_head_json":{"title":"Privacy Policy - TG MAC","robots":{"index":"noindex","follow":"follow"},"og_locale":"it_IT","og_type":"article","og_title":"Privacy Policy - TG MAC","og_description":"[vc_section][vc_row equal_height=&#8221;yes&#8221; content_placement=&#8221;middle&#8221; delay=&#8221;true&#8221; effect=&#8221;fadeIn&#8221;][vc_column width=&#8221;3\/4&#8243;][vc_row_inner][vc_column_inner][vc_column_text css=&#8221;&#8221;]1.1 A seguito della consultazione di questo sito possono essere trattati dati relativi a persone identificate o identificabili. Il \u201ctitolare\u201d del loro trattamento \u00e8 TG MAC srl per la protezione dei dati personali, che ha sede in Via San Giacinto 2\/4 41042 Fiorano Modenese (MO), Italia[\/vc_column_text][\/vc_column_inner][\/vc_row_inner][\/vc_column][\/vc_row][vc_row delay=&#8221;true&#8221; effect=&#8221;fadeIn&#8221;][vc_column][vc_column_text css=&#8221;&#8221;]2.1 [&hellip;]","og_url":"https:\/\/www.tgmac.it\/index.php\/privacy\/","og_site_name":"TG MAC","article_publisher":"https:\/\/www.facebook.com\/TGMACGlazingSystem","article_modified_time":"2025-03-05T08:28:45+00:00","twitter_card":"summary_large_image","twitter_misc":{"Tempo di lettura stimato":"33 minuti"},"schema":{"@context":"https:\/\/schema.org","@graph":[{"@type":"WebPage","@id":"https:\/\/www.tgmac.it\/index.php\/privacy\/","url":"https:\/\/www.tgmac.it\/index.php\/privacy\/","name":"Privacy Policy - TG MAC","isPartOf":{"@id":"https:\/\/tgmac.it\/#website"},"datePublished":"2019-01-15T07:47:14+00:00","dateModified":"2025-03-05T08:28:45+00:00","breadcrumb":{"@id":"https:\/\/www.tgmac.it\/index.php\/privacy\/#breadcrumb"},"inLanguage":"it-IT","potentialAction":[{"@type":"ReadAction","target":["https:\/\/www.tgmac.it\/index.php\/privacy\/"]}]},{"@type":"BreadcrumbList","@id":"https:\/\/www.tgmac.it\/index.php\/privacy\/#breadcrumb","itemListElement":[{"@type":"ListItem","position":1,"name":"Home","item":"https:\/\/www.tgmac.it\/"},{"@type":"ListItem","position":2,"name":"Privacy Policy"}]},{"@type":"WebSite","@id":"https:\/\/tgmac.it\/#website","url":"https:\/\/tgmac.it\/","name":"TG MAC - Glazing System","description":"Glazing System","publisher":{"@id":"https:\/\/tgmac.it\/#organization"},"potentialAction":[{"@type":"SearchAction","target":{"@type":"EntryPoint","urlTemplate":"https:\/\/tgmac.it\/?s={search_term_string}"},"query-input":{"@type":"PropertyValueSpecification","valueRequired":true,"valueName":"search_term_string"}}],"inLanguage":"it-IT"},{"@type":"Organization","@id":"https:\/\/tgmac.it\/#organization","name":"TG MAC srl","url":"https:\/\/tgmac.it\/","logo":{"@type":"ImageObject","inLanguage":"it-IT","@id":"https:\/\/tgmac.it\/#\/schema\/logo\/image\/","url":"https:\/\/www.tgmac.it\/wp-content\/uploads\/2024\/08\/Logo-Bucato-60.png","contentUrl":"https:\/\/www.tgmac.it\/wp-content\/uploads\/2024\/08\/Logo-Bucato-60.png","width":255,"height":60,"caption":"TG MAC srl"},"image":{"@id":"https:\/\/tgmac.it\/#\/schema\/logo\/image\/"},"sameAs":["https:\/\/www.facebook.com\/TGMACGlazingSystem","https:\/\/www.youtube.com\/channel\/UC3KYtp7IYsqiljqFZd1e3SA","https:\/\/it.linkedin.com\/in\/paolo-galanti-8100b865"]}]}},"_links":{"self":[{"href":"https:\/\/www.tgmac.it\/index.php\/wp-json\/wp\/v2\/pages\/6329"}],"collection":[{"href":"https:\/\/www.tgmac.it\/index.php\/wp-json\/wp\/v2\/pages"}],"about":[{"href":"https:\/\/www.tgmac.it\/index.php\/wp-json\/wp\/v2\/types\/page"}],"author":[{"embeddable":true,"href":"https:\/\/www.tgmac.it\/index.php\/wp-json\/wp\/v2\/users\/1"}],"replies":[{"embeddable":true,"href":"https:\/\/www.tgmac.it\/index.php\/wp-json\/wp\/v2\/comments?post=6329"}],"version-history":[{"count":88,"href":"https:\/\/www.tgmac.it\/index.php\/wp-json\/wp\/v2\/pages\/6329\/revisions"}],"predecessor-version":[{"id":9752,"href":"https:\/\/www.tgmac.it\/index.php\/wp-json\/wp\/v2\/pages\/6329\/revisions\/9752"}],"wp:attachment":[{"href":"https:\/\/www.tgmac.it\/index.php\/wp-json\/wp\/v2\/media?parent=6329"}],"curies":[{"name":"wp","href":"https:\/\/api.w.org\/{rel}","templated":true}]}}